{"articles":[{"classes":["outercol"],"isFavourite":false,"isExternalUrl":{"articleLink":false},"articleListButtonsData":{"buttonsList":[{"label":"Les mer","url":"\/hjem\/?Article=109","type":"readmore"}],"mode":"default"},"favouriteType":null,"mnu":null,"section":null,"displayId":true,"docId":109,"identifier":"109Article","docType":"Article","customDate":false,"teaserData":{"teaserText":"","mode":"default"},"content":{"teaser":"","intro":"Ogs\u00e5 i \u00e5r ble \u00e5rsm\u00f8tet avholdt digitalt."},"titles":{"main":"Protokoll fra \u00e5rsm\u00f8tet 2021","readMoreButton":"Les mer"},"urls":{"readMore":"\/hjem\/?Article=109","booking":null},"created":{"date":"24.05.2023","time":"13:01","timestamp":1684926060},"introAllowHtml":false,"hasTicket":false,"extra":null,"hasReadMore":true,"media":{"imageData":{"path":"\/sites\/s\/samferdselsforumnord.no\/files\/191736787.jpg","width":1224,"height":714,"aspectRatio":1.7142857142857142},"previewImageUrl":"\/sites\/s\/samferdselsforumnord.no\/files\/191736787.jpg?cropToFit=100x59&quality=50","imageVariants":[{"path":"\/sites\/s\/samferdselsforumnord.no\/files\/191736787.jpg?cropToFit=100x59&quality=75","width":100,"height":59,"aspectRatio":1.694915254237288},{"path":"\/sites\/s\/samferdselsforumnord.no\/files\/191736787.jpg?cropToFit=200x118&quality=75","width":200,"height":118,"aspectRatio":1.694915254237288},{"path":"\/sites\/s\/samferdselsforumnord.no\/files\/191736787.jpg?cropToFit=400x235&quality=75","width":400,"height":235,"aspectRatio":1.702127659574468},{"path":"\/sites\/s\/samferdselsforumnord.no\/files\/191736787.jpg?cropToFit=600x353&quality=75","width":600,"height":353,"aspectRatio":1.6997167138810199},{"path":"\/sites\/s\/samferdselsforumnord.no\/files\/191736787.jpg?cropToFit=800x471&quality=75","width":800,"height":471,"aspectRatio":1.6985138004246285},{"path":"\/sites\/s\/samferdselsforumnord.no\/files\/191736787.jpg?cropToFit=1000x588&quality=75","width":1000,"height":588,"aspectRatio":1.7006802721088434},{"path":"\/sites\/s\/samferdselsforumnord.no\/files\/191736787.jpg?cropToFit=1200x706&quality=75","width":1200,"height":706,"aspectRatio":1.6997167138810199}],"image":"\/sites\/s\/samferdselsforumnord.no\/files\/191736787.jpg","aspect":1.694915254237288,"type":"image","description":null},"additionalData":[]},{"classes":["outercol"],"isFavourite":false,"isExternalUrl":{"articleLink":false},"articleListButtonsData":{"buttonsList":[{"label":"Les mer","url":"\/hjem\/?Article=106","type":"readmore"}],"mode":"default"},"favouriteType":null,"mnu":null,"section":null,"displayId":true,"docId":106,"identifier":"106Article","docType":"Article","customDate":false,"teaserData":{"teaserText":"","mode":"default"},"content":{"teaser":"","intro":"\u00c5rsm\u00f8tet 2020 foregikk digitalt p\u00e5 Teams"},"titles":{"main":"Referat fra \u00c5rsm\u00f8tet 2020","readMoreButton":"Les mer"},"urls":{"readMore":"\/hjem\/?Article=106","booking":null},"created":{"date":"24.05.2023","time":"12:49","timestamp":1684925340},"introAllowHtml":false,"hasTicket":false,"extra":null,"hasReadMore":true,"media":{"imageData":{"path":"\/sites\/s\/samferdselsforumnord.no\/files\/161980full_free3dwallpaperroaddownload3dwallpaperroadhd.jpg","width":1024,"height":768,"aspectRatio":1.3333333333333333},"previewImageUrl":"\/sites\/s\/samferdselsforumnord.no\/files\/161980full_free3dwallpaperroaddownload3dwallpaperroadhd.jpg?cropToFit=100x59&quality=50","imageVariants":[{"path":"\/sites\/s\/samferdselsforumnord.no\/files\/161980full_free3dwallpaperroaddownload3dwallpaperroadhd.jpg?cropToFit=100x59&quality=75","width":100,"height":59,"aspectRatio":1.694915254237288},{"path":"\/sites\/s\/samferdselsforumnord.no\/files\/161980full_free3dwallpaperroaddownload3dwallpaperroadhd.jpg?cropToFit=200x118&quality=75","width":200,"height":118,"aspectRatio":1.694915254237288},{"path":"\/sites\/s\/samferdselsforumnord.no\/files\/161980full_free3dwallpaperroaddownload3dwallpaperroadhd.jpg?cropToFit=400x235&quality=75","width":400,"height":235,"aspectRatio":1.702127659574468},{"path":"\/sites\/s\/samferdselsforumnord.no\/files\/161980full_free3dwallpaperroaddownload3dwallpaperroadhd.jpg?cropToFit=600x353&quality=75","width":600,"height":353,"aspectRatio":1.6997167138810199},{"path":"\/sites\/s\/samferdselsforumnord.no\/files\/161980full_free3dwallpaperroaddownload3dwallpaperroadhd.jpg?cropToFit=800x471&quality=75","width":800,"height":471,"aspectRatio":1.6985138004246285},{"path":"\/sites\/s\/samferdselsforumnord.no\/files\/161980full_free3dwallpaperroaddownload3dwallpaperroadhd.jpg?cropToFit=1000x588&quality=75","width":1000,"height":588,"aspectRatio":1.7006802721088434},{"path":"\/sites\/s\/samferdselsforumnord.no\/files\/161980full_free3dwallpaperroaddownload3dwallpaperroadhd.jpg?cropToFit=1200x706&quality=75","width":1024,"height":602,"aspectRatio":1.7009966777408638}],"image":"\/sites\/s\/samferdselsforumnord.no\/files\/161980full_free3dwallpaperroaddownload3dwallpaperroadhd.jpg","aspect":1.694915254237288,"type":"image","description":null},"additionalData":[]},{"classes":["outercol"],"isFavourite":false,"isExternalUrl":{"articleLink":false},"articleListButtonsData":{"buttonsList":[{"label":"Les mer","url":"\/hjem\/?Article=108","type":"readmore"}],"mode":"default"},"favouriteType":null,"mnu":null,"section":null,"displayId":true,"docId":108,"identifier":"108Article","docType":"Article","customDate":false,"teaserData":{"teaserText":"","mode":"default"},"content":{"teaser":"","intro":"RAPPORT FORSINKELSER P\u00c5 VEI I NORD-NORGE: Samfunns\u00f8konomiske kostnader og verdsetting av tidsverdier for gods med fokus p\u00e5 frakt av sj\u00f8mat."},"titles":{"main":"Rapport","readMoreButton":"Les mer"},"urls":{"readMore":"\/hjem\/?Article=108","booking":null},"created":{"date":"24.05.2023","time":"12:55","timestamp":1684925700},"introAllowHtml":false,"hasTicket":false,"extra":null,"hasReadMore":true,"media":{"imageData":{"path":"\/sites\/s\/samferdselsforumnord.no\/files\/rapport_bilde_1.png","width":1525,"height":1304,"aspectRatio":1.169478527607362},"previewImageUrl":"\/sites\/s\/samferdselsforumnord.no\/files\/rapport_bilde_1.png?cropToFit=100x59&quality=50","imageVariants":[{"path":"\/sites\/s\/samferdselsforumnord.no\/files\/rapport_bilde_1.png?cropToFit=100x59&quality=75","width":100,"height":59,"aspectRatio":1.694915254237288},{"path":"\/sites\/s\/samferdselsforumnord.no\/files\/rapport_bilde_1.png?cropToFit=200x118&quality=75","width":200,"height":118,"aspectRatio":1.694915254237288},{"path":"\/sites\/s\/samferdselsforumnord.no\/files\/rapport_bilde_1.png?cropToFit=400x235&quality=75","width":400,"height":235,"aspectRatio":1.702127659574468},{"path":"\/sites\/s\/samferdselsforumnord.no\/files\/rapport_bilde_1.png?cropToFit=600x353&quality=75","width":600,"height":353,"aspectRatio":1.6997167138810199},{"path":"\/sites\/s\/samferdselsforumnord.no\/files\/rapport_bilde_1.png?cropToFit=800x471&quality=75","width":800,"height":471,"aspectRatio":1.6985138004246285},{"path":"\/sites\/s\/samferdselsforumnord.no\/files\/rapport_bilde_1.png?cropToFit=1000x588&quality=75","width":1000,"height":588,"aspectRatio":1.7006802721088434},{"path":"\/sites\/s\/samferdselsforumnord.no\/files\/rapport_bilde_1.png?cropToFit=1200x706&quality=75","width":1200,"height":706,"aspectRatio":1.6997167138810199}],"image":"\/sites\/s\/samferdselsforumnord.no\/files\/rapport_bilde_1.png","aspect":1.694915254237288,"type":"image","description":null},"additionalData":[]},{"classes":["outercol"],"isFavourite":false,"isExternalUrl":{"articleLink":false},"articleListButtonsData":{"buttonsList":[{"label":"Les mer","url":"\/hjem\/?Article=119","type":"readmore"}],"mode":"default"},"favouriteType":null,"mnu":null,"section":null,"displayId":true,"docId":119,"identifier":"119Article","docType":"Article","customDate":false,"teaserData":{"teaserText":"","mode":"default"},"content":{"teaser":"","intro":"Samferdselsforum Nord (SFN)tar n\u00e5 for gitt at Stortinget og regjering vil ta initiativ til \u00e5 f\u00e5 utredet sp\u00f8rsm\u00e5let om veiprising. Og at det dermed vil bli iverksatt et nasjonalt utredningsarbeide om saken."},"titles":{"main":"Veiprising, en trussel mot Nord-Norge? ","readMoreButton":"Les mer"},"urls":{"readMore":"\/hjem\/?Article=119","booking":null},"created":{"date":"24.05.2023","time":"13:17","timestamp":1684927020},"introAllowHtml":false,"hasTicket":false,"extra":null,"hasReadMore":true,"media":{"imageData":{"path":"\/sites\/s\/samferdselsforumnord.no\/files\/191736787__2_.jpg","width":1224,"height":714,"aspectRatio":1.7142857142857142},"previewImageUrl":"\/sites\/s\/samferdselsforumnord.no\/files\/191736787__2_.jpg?cropToFit=100x59&quality=50","imageVariants":[{"path":"\/sites\/s\/samferdselsforumnord.no\/files\/191736787__2_.jpg?cropToFit=100x59&quality=75","width":100,"height":59,"aspectRatio":1.694915254237288},{"path":"\/sites\/s\/samferdselsforumnord.no\/files\/191736787__2_.jpg?cropToFit=200x118&quality=75","width":200,"height":118,"aspectRatio":1.694915254237288},{"path":"\/sites\/s\/samferdselsforumnord.no\/files\/191736787__2_.jpg?cropToFit=400x235&quality=75","width":400,"height":235,"aspectRatio":1.702127659574468},{"path":"\/sites\/s\/samferdselsforumnord.no\/files\/191736787__2_.jpg?cropToFit=600x353&quality=75","width":600,"height":353,"aspectRatio":1.6997167138810199},{"path":"\/sites\/s\/samferdselsforumnord.no\/files\/191736787__2_.jpg?cropToFit=800x471&quality=75","width":800,"height":471,"aspectRatio":1.6985138004246285},{"path":"\/sites\/s\/samferdselsforumnord.no\/files\/191736787__2_.jpg?cropToFit=1000x588&quality=75","width":1000,"height":588,"aspectRatio":1.7006802721088434},{"path":"\/sites\/s\/samferdselsforumnord.no\/files\/191736787__2_.jpg?cropToFit=1200x706&quality=75","width":1200,"height":706,"aspectRatio":1.6997167138810199}],"image":"\/sites\/s\/samferdselsforumnord.no\/files\/191736787__2_.jpg","aspect":1.694915254237288,"type":"image","description":null},"additionalData":[]},{"classes":["outercol"],"isFavourite":false,"isExternalUrl":{"articleLink":false},"articleListButtonsData":{"buttonsList":[{"label":"Les mer","url":"\/hjem\/?Article=112","type":"readmore"}],"mode":"default"},"favouriteType":null,"mnu":null,"section":null,"displayId":true,"docId":112,"identifier":"112Article","docType":"Article","customDate":false,"teaserData":{"teaserText":"","mode":"default"},"content":{"teaser":"","intro":"Rapporten \"Forsinkelser p\u00e5 vei i Nord-Norge\" fikk god mottakelse p\u00e5 m\u00f8te med Samferdselsdepartementet i Kirkenes 31. august"},"titles":{"main":"God medieomtale ","readMoreButton":"Les mer"},"urls":{"readMore":"\/hjem\/?Article=112","booking":null},"created":{"date":"24.05.2023","time":"13:06","timestamp":1684926360},"introAllowHtml":false,"hasTicket":false,"extra":null,"hasReadMore":true,"media":{"imageData":{"path":"\/sites\/s\/samferdselsforumnord.no\/files\/rapportoverlevering.jpg","width":1080,"height":720,"aspectRatio":1.5},"previewImageUrl":"\/sites\/s\/samferdselsforumnord.no\/files\/rapportoverlevering.jpg?cropToFit=100x59&quality=50","imageVariants":[{"path":"\/sites\/s\/samferdselsforumnord.no\/files\/rapportoverlevering.jpg?cropToFit=100x59&quality=75","width":100,"height":59,"aspectRatio":1.694915254237288},{"path":"\/sites\/s\/samferdselsforumnord.no\/files\/rapportoverlevering.jpg?cropToFit=200x118&quality=75","width":200,"height":118,"aspectRatio":1.694915254237288},{"path":"\/sites\/s\/samferdselsforumnord.no\/files\/rapportoverlevering.jpg?cropToFit=400x235&quality=75","width":400,"height":235,"aspectRatio":1.702127659574468},{"path":"\/sites\/s\/samferdselsforumnord.no\/files\/rapportoverlevering.jpg?cropToFit=600x353&quality=75","width":600,"height":353,"aspectRatio":1.6997167138810199},{"path":"\/sites\/s\/samferdselsforumnord.no\/files\/rapportoverlevering.jpg?cropToFit=800x471&quality=75","width":800,"height":471,"aspectRatio":1.6985138004246285},{"path":"\/sites\/s\/samferdselsforumnord.no\/files\/rapportoverlevering.jpg?cropToFit=1000x588&quality=75","width":1000,"height":588,"aspectRatio":1.7006802721088434},{"path":"\/sites\/s\/samferdselsforumnord.no\/files\/rapportoverlevering.jpg?cropToFit=1200x706&quality=75","width":1080,"height":635,"aspectRatio":1.7007874015748032}],"image":"\/sites\/s\/samferdselsforumnord.no\/files\/rapportoverlevering.jpg","aspect":1.694915254237288,"type":"image","description":null},"additionalData":[]},{"classes":["outercol"],"isFavourite":false,"isExternalUrl":{"articleLink":false},"articleListButtonsData":{"buttonsList":[{"label":"Les mer","url":"\/hjem\/?Article=105","type":"readmore"}],"mode":"default"},"favouriteType":null,"mnu":null,"section":null,"displayId":true,"docId":105,"identifier":"105Article","docType":"Article","customDate":false,"teaserData":{"teaserText":"","mode":"default"},"content":{"teaser":"","intro":"veger og andre samferdselsprosjekt i Nordland"},"titles":{"main":"SFN har prioritert","readMoreButton":"Les mer"},"urls":{"readMore":"\/hjem\/?Article=105","booking":null},"created":{"date":"24.05.2023","time":"12:46","timestamp":1684925160},"introAllowHtml":false,"hasTicket":false,"extra":null,"hasReadMore":true,"media":{"imageData":{"path":"\/sites\/s\/samferdselsforumnord.no\/files\/roadskycloudscloudy.jpg","width":2250,"height":1500,"aspectRatio":1.5},"previewImageUrl":"\/sites\/s\/samferdselsforumnord.no\/files\/roadskycloudscloudy.jpg?cropToFit=100x59&quality=50","imageVariants":[{"path":"\/sites\/s\/samferdselsforumnord.no\/files\/roadskycloudscloudy.jpg?cropToFit=100x59&quality=75","width":100,"height":59,"aspectRatio":1.694915254237288},{"path":"\/sites\/s\/samferdselsforumnord.no\/files\/roadskycloudscloudy.jpg?cropToFit=200x118&quality=75","width":200,"height":118,"aspectRatio":1.694915254237288},{"path":"\/sites\/s\/samferdselsforumnord.no\/files\/roadskycloudscloudy.jpg?cropToFit=400x235&quality=75","width":400,"height":235,"aspectRatio":1.702127659574468},{"path":"\/sites\/s\/samferdselsforumnord.no\/files\/roadskycloudscloudy.jpg?cropToFit=600x353&quality=75","width":600,"height":353,"aspectRatio":1.6997167138810199},{"path":"\/sites\/s\/samferdselsforumnord.no\/files\/roadskycloudscloudy.jpg?cropToFit=800x471&quality=75","width":800,"height":471,"aspectRatio":1.6985138004246285},{"path":"\/sites\/s\/samferdselsforumnord.no\/files\/roadskycloudscloudy.jpg?cropToFit=1000x588&quality=75","width":1000,"height":588,"aspectRatio":1.7006802721088434},{"path":"\/sites\/s\/samferdselsforumnord.no\/files\/roadskycloudscloudy.jpg?cropToFit=1200x706&quality=75","width":1200,"height":706,"aspectRatio":1.6997167138810199}],"image":"\/sites\/s\/samferdselsforumnord.no\/files\/roadskycloudscloudy.jpg","aspect":1.694915254237288,"type":"image","description":null},"additionalData":[]},{"classes":["outercol"],"isFavourite":false,"isExternalUrl":{"articleLink":false},"articleListButtonsData":{"buttonsList":[{"label":"Les mer","url":"\/hjem\/?Article=104","type":"readmore"}],"mode":"default"},"favouriteType":null,"mnu":null,"section":null,"displayId":true,"docId":104,"identifier":"104Article","docType":"Article","customDate":false,"teaserData":{"teaserText":"","mode":"default"},"content":{"teaser":"","intro":"veger og andre samferdselsprosjekt i Troms og Finnmark"},"titles":{"main":"SFN har prioritert","readMoreButton":"Les mer"},"urls":{"readMore":"\/hjem\/?Article=104","booking":null},"created":{"date":"24.05.2023","time":"12:44","timestamp":1684925040},"introAllowHtml":false,"hasTicket":false,"extra":null,"hasReadMore":true,"media":{"imageData":{"path":"\/sites\/s\/samferdselsforumnord.no\/files\/photo14719586808021345a694ba6d.jpg","width":2084,"height":1253,"aspectRatio":1.6632083000798084},"previewImageUrl":"\/sites\/s\/samferdselsforumnord.no\/files\/photo14719586808021345a694ba6d.jpg?cropToFit=100x59&quality=50","imageVariants":[{"path":"\/sites\/s\/samferdselsforumnord.no\/files\/photo14719586808021345a694ba6d.jpg?cropToFit=100x59&quality=75","width":100,"height":59,"aspectRatio":1.694915254237288},{"path":"\/sites\/s\/samferdselsforumnord.no\/files\/photo14719586808021345a694ba6d.jpg?cropToFit=200x118&quality=75","width":200,"height":118,"aspectRatio":1.694915254237288},{"path":"\/sites\/s\/samferdselsforumnord.no\/files\/photo14719586808021345a694ba6d.jpg?cropToFit=400x235&quality=75","width":400,"height":235,"aspectRatio":1.702127659574468},{"path":"\/sites\/s\/samferdselsforumnord.no\/files\/photo14719586808021345a694ba6d.jpg?cropToFit=600x353&quality=75","width":600,"height":353,"aspectRatio":1.6997167138810199},{"path":"\/sites\/s\/samferdselsforumnord.no\/files\/photo14719586808021345a694ba6d.jpg?cropToFit=800x471&quality=75","width":800,"height":471,"aspectRatio":1.6985138004246285},{"path":"\/sites\/s\/samferdselsforumnord.no\/files\/photo14719586808021345a694ba6d.jpg?cropToFit=1000x588&quality=75","width":1000,"height":588,"aspectRatio":1.7006802721088434},{"path":"\/sites\/s\/samferdselsforumnord.no\/files\/photo14719586808021345a694ba6d.jpg?cropToFit=1200x706&quality=75","width":1200,"height":706,"aspectRatio":1.6997167138810199}],"image":"\/sites\/s\/samferdselsforumnord.no\/files\/photo14719586808021345a694ba6d.jpg","aspect":1.694915254237288,"type":"image","description":null},"additionalData":[]},{"classes":["outercol"],"isFavourite":false,"isExternalUrl":{"articleLink":false},"articleListButtonsData":{"buttonsList":[{"label":"Les mer","url":"\/hjem\/?Article=103","type":"readmore"}],"mode":"default"},"favouriteType":null,"mnu":null,"section":null,"displayId":true,"docId":103,"identifier":"103Article","docType":"Article","customDate":false,"teaserData":{"teaserText":"","mode":"default"},"content":{"teaser":"","intro":"Samferdselsforum Nord m\u00f8tte..."},"titles":{"main":"M\u00f8te p\u00e5 Stortinget","readMoreButton":"Les mer"},"urls":{"readMore":"\/hjem\/?Article=103","booking":null},"created":{"date":"24.05.2023","time":"12:43","timestamp":1684924980},"introAllowHtml":false,"hasTicket":false,"extra":null,"hasReadMore":true,"media":{"imageData":{"path":"\/sites\/s\/samferdselsforumnord.no\/files\/moetebilde_2.jpg","width":640,"height":480,"aspectRatio":1.3333333333333333},"previewImageUrl":"\/sites\/s\/samferdselsforumnord.no\/files\/moetebilde_2.jpg?cropToFit=100x59&quality=50","imageVariants":[{"path":"\/sites\/s\/samferdselsforumnord.no\/files\/moetebilde_2.jpg?cropToFit=100x59&quality=75","width":100,"height":59,"aspectRatio":1.694915254237288},{"path":"\/sites\/s\/samferdselsforumnord.no\/files\/moetebilde_2.jpg?cropToFit=200x118&quality=75","width":200,"height":118,"aspectRatio":1.694915254237288},{"path":"\/sites\/s\/samferdselsforumnord.no\/files\/moetebilde_2.jpg?cropToFit=400x235&quality=75","width":400,"height":235,"aspectRatio":1.702127659574468},{"path":"\/sites\/s\/samferdselsforumnord.no\/files\/moetebilde_2.jpg?cropToFit=600x353&quality=75","width":600,"height":353,"aspectRatio":1.6997167138810199},{"path":"\/sites\/s\/samferdselsforumnord.no\/files\/moetebilde_2.jpg?cropToFit=800x471&quality=75","width":640,"height":377,"aspectRatio":1.6976127320954908},{"path":"\/sites\/s\/samferdselsforumnord.no\/files\/moetebilde_2.jpg?cropToFit=1000x588&quality=75","width":640,"height":376,"aspectRatio":1.702127659574468},{"path":"\/sites\/s\/samferdselsforumnord.no\/files\/moetebilde_2.jpg?cropToFit=1200x706&quality=75","width":640,"height":377,"aspectRatio":1.6976127320954908}],"image":"\/sites\/s\/samferdselsforumnord.no\/files\/moetebilde_2.jpg","aspect":1.694915254237288,"type":"image","description":null},"additionalData":[]},{"classes":["outercol"],"isFavourite":false,"isExternalUrl":{"articleLink":false},"articleListButtonsData":{"buttonsList":[{"label":"Les mer","url":"\/hjem\/?Article=102","type":"readmore"}],"mode":"default"},"favouriteType":null,"mnu":null,"section":null,"displayId":true,"docId":102,"identifier":"102Article","docType":"Article","customDate":false,"teaserData":{"teaserText":"","mode":"default"},"content":{"teaser":"","intro":"En tilskuddsordning for fylkesveiene er riktig grep, men det vil kreve mye mer \u00e5 innhente vedlikeholdsetterslepet i Nord-Norge, mener Samferdselsforum Nord. "},"titles":{"main":"Ny start for fylkesveiene?","readMoreButton":"Les mer"},"urls":{"readMore":"\/hjem\/?Article=102","booking":null},"created":{"date":"24.05.2023","time":"12:40","timestamp":1684924800},"introAllowHtml":false,"hasTicket":false,"extra":null,"hasReadMore":true,"media":{"imageData":{"path":"\/sites\/s\/samferdselsforumnord.no\/files\/img_3987.jpg","width":2048,"height":1255,"aspectRatio":1.6318725099601594},"previewImageUrl":"\/sites\/s\/samferdselsforumnord.no\/files\/img_3987.jpg?cropToFit=100x59&quality=50","imageVariants":[{"path":"\/sites\/s\/samferdselsforumnord.no\/files\/img_3987.jpg?cropToFit=100x59&quality=75","width":100,"height":59,"aspectRatio":1.694915254237288},{"path":"\/sites\/s\/samferdselsforumnord.no\/files\/img_3987.jpg?cropToFit=200x118&quality=75","width":200,"height":118,"aspectRatio":1.694915254237288},{"path":"\/sites\/s\/samferdselsforumnord.no\/files\/img_3987.jpg?cropToFit=400x235&quality=75","width":400,"height":235,"aspectRatio":1.702127659574468},{"path":"\/sites\/s\/samferdselsforumnord.no\/files\/img_3987.jpg?cropToFit=600x353&quality=75","width":600,"height":353,"aspectRatio":1.6997167138810199},{"path":"\/sites\/s\/samferdselsforumnord.no\/files\/img_3987.jpg?cropToFit=800x471&quality=75","width":800,"height":471,"aspectRatio":1.6985138004246285},{"path":"\/sites\/s\/samferdselsforumnord.no\/files\/img_3987.jpg?cropToFit=1000x588&quality=75","width":1000,"height":588,"aspectRatio":1.7006802721088434},{"path":"\/sites\/s\/samferdselsforumnord.no\/files\/img_3987.jpg?cropToFit=1200x706&quality=75","width":1200,"height":706,"aspectRatio":1.6997167138810199}],"image":"\/sites\/s\/samferdselsforumnord.no\/files\/img_3987.jpg","aspect":1.694915254237288,"type":"image","description":null},"additionalData":[]},{"classes":["outercol"],"isFavourite":false,"isExternalUrl":{"articleLink":false},"articleListButtonsData":{"buttonsList":[{"label":"Les mer","url":"\/hjem\/?Article=126","type":"readmore"}],"mode":"default"},"favouriteType":null,"mnu":null,"section":null,"displayId":true,"docId":126,"identifier":"126Article","docType":"Article","customDate":false,"teaserData":{"teaserText":"","mode":"default"},"content":{"teaser":"","intro":"Budsjett og saksdokumenter til Styrem\u00f8te og \u00c5rsm\u00f8te"},"titles":{"main":"\u00c5rsm\u00f8tet 2019","readMoreButton":"Les mer"},"urls":{"readMore":"\/hjem\/?Article=126","booking":null},"created":{"date":"24.05.2023","time":"13:31","timestamp":1684927860},"introAllowHtml":false,"hasTicket":false,"extra":null,"hasReadMore":true,"media":{"imageData":{"path":"\/sites\/s\/samferdselsforumnord.no\/files\/720e143a41c5c32d472746a594ae7759.jpg","width":1224,"height":1370,"aspectRatio":0.8934306569343066},"previewImageUrl":"\/sites\/s\/samferdselsforumnord.no\/files\/720e143a41c5c32d472746a594ae7759.jpg?cropToFit=100x59&quality=50","imageVariants":[{"path":"\/sites\/s\/samferdselsforumnord.no\/files\/720e143a41c5c32d472746a594ae7759.jpg?cropToFit=100x59&quality=75","width":100,"height":59,"aspectRatio":1.694915254237288},{"path":"\/sites\/s\/samferdselsforumnord.no\/files\/720e143a41c5c32d472746a594ae7759.jpg?cropToFit=200x118&quality=75","width":200,"height":118,"aspectRatio":1.694915254237288},{"path":"\/sites\/s\/samferdselsforumnord.no\/files\/720e143a41c5c32d472746a594ae7759.jpg?cropToFit=400x235&quality=75","width":400,"height":235,"aspectRatio":1.702127659574468},{"path":"\/sites\/s\/samferdselsforumnord.no\/files\/720e143a41c5c32d472746a594ae7759.jpg?cropToFit=600x353&quality=75","width":600,"height":353,"aspectRatio":1.6997167138810199},{"path":"\/sites\/s\/samferdselsforumnord.no\/files\/720e143a41c5c32d472746a594ae7759.jpg?cropToFit=800x471&quality=75","width":800,"height":471,"aspectRatio":1.6985138004246285},{"path":"\/sites\/s\/samferdselsforumnord.no\/files\/720e143a41c5c32d472746a594ae7759.jpg?cropToFit=1000x588&quality=75","width":1000,"height":588,"aspectRatio":1.7006802721088434},{"path":"\/sites\/s\/samferdselsforumnord.no\/files\/720e143a41c5c32d472746a594ae7759.jpg?cropToFit=1200x706&quality=75","width":1200,"height":706,"aspectRatio":1.6997167138810199}],"image":"\/sites\/s\/samferdselsforumnord.no\/files\/720e143a41c5c32d472746a594ae7759.jpg","aspect":1.694915254237288,"type":"image","description":null},"additionalData":[]},{"classes":["outercol"],"isFavourite":false,"isExternalUrl":{"articleLink":false},"articleListButtonsData":{"buttonsList":[{"label":"Les mer","url":"\/hjem\/?Article=125","type":"readmore"}],"mode":"default"},"favouriteType":null,"mnu":null,"section":null,"displayId":true,"docId":125,"identifier":"125Article","docType":"Article","customDate":false,"teaserData":{"teaserText":"","mode":"default"},"content":{"teaser":"","intro":"i Samferdselsforum Nord"},"titles":{"main":"Ny ledelse p\u00e5 plass","readMoreButton":"Les mer"},"urls":{"readMore":"\/hjem\/?Article=125","booking":null},"created":{"date":"24.05.2023","time":"13:30","timestamp":1684927800},"introAllowHtml":false,"hasTicket":false,"extra":null,"hasReadMore":true,"media":{"imageData":{"path":"\/sites\/s\/samferdselsforumnord.no\/files\/martin_groennslett_og_odd_hugo_pedersen.jpg","width":2500,"height":1667,"aspectRatio":1.4997000599880024},"previewImageUrl":"\/sites\/s\/samferdselsforumnord.no\/files\/martin_groennslett_og_odd_hugo_pedersen.jpg?cropToFit=100x59&quality=50","imageVariants":[{"path":"\/sites\/s\/samferdselsforumnord.no\/files\/martin_groennslett_og_odd_hugo_pedersen.jpg?cropToFit=100x59&quality=75","width":100,"height":59,"aspectRatio":1.694915254237288},{"path":"\/sites\/s\/samferdselsforumnord.no\/files\/martin_groennslett_og_odd_hugo_pedersen.jpg?cropToFit=200x118&quality=75","width":200,"height":118,"aspectRatio":1.694915254237288},{"path":"\/sites\/s\/samferdselsforumnord.no\/files\/martin_groennslett_og_odd_hugo_pedersen.jpg?cropToFit=400x235&quality=75","width":400,"height":235,"aspectRatio":1.702127659574468},{"path":"\/sites\/s\/samferdselsforumnord.no\/files\/martin_groennslett_og_odd_hugo_pedersen.jpg?cropToFit=600x353&quality=75","width":600,"height":353,"aspectRatio":1.6997167138810199},{"path":"\/sites\/s\/samferdselsforumnord.no\/files\/martin_groennslett_og_odd_hugo_pedersen.jpg?cropToFit=800x471&quality=75","width":800,"height":471,"aspectRatio":1.6985138004246285},{"path":"\/sites\/s\/samferdselsforumnord.no\/files\/martin_groennslett_og_odd_hugo_pedersen.jpg?cropToFit=1000x588&quality=75","width":1000,"height":588,"aspectRatio":1.7006802721088434},{"path":"\/sites\/s\/samferdselsforumnord.no\/files\/martin_groennslett_og_odd_hugo_pedersen.jpg?cropToFit=1200x706&quality=75","width":1200,"height":706,"aspectRatio":1.6997167138810199}],"image":"\/sites\/s\/samferdselsforumnord.no\/files\/martin_groennslett_og_odd_hugo_pedersen.jpg","aspect":1.694915254237288,"type":"image","description":null},"additionalData":[]},{"classes":["outercol"],"isFavourite":false,"isExternalUrl":{"articleLink":false},"articleListButtonsData":{"buttonsList":[{"label":"Les mer","url":"\/hjem\/?Article=124","type":"readmore"}],"mode":"default"},"favouriteType":null,"mnu":null,"section":null,"displayId":true,"docId":124,"identifier":"124Article","docType":"Article","customDate":false,"teaserData":{"teaserText":"","mode":"default"},"content":{"teaser":"","intro":"M\u00f8tene ble gjennomf\u00f8rt i Vads\u00f8 2. april 2019"},"titles":{"main":"Referat fra \u00c5rsm\u00f8te og Styrem\u00f8te","readMoreButton":"Les mer"},"urls":{"readMore":"\/hjem\/?Article=124","booking":null},"created":{"date":"24.05.2023","time":"13:29","timestamp":1684927740},"introAllowHtml":false,"hasTicket":false,"extra":null,"hasReadMore":true,"media":{"imageData":{"path":"\/sites\/s\/samferdselsforumnord.no\/files\/dsc01211.jpg","width":2500,"height":1667,"aspectRatio":1.4997000599880024},"previewImageUrl":"\/sites\/s\/samferdselsforumnord.no\/files\/dsc01211.jpg?cropToFit=100x59&quality=50","imageVariants":[{"path":"\/sites\/s\/samferdselsforumnord.no\/files\/dsc01211.jpg?cropToFit=100x59&quality=75","width":100,"height":59,"aspectRatio":1.694915254237288},{"path":"\/sites\/s\/samferdselsforumnord.no\/files\/dsc01211.jpg?cropToFit=200x118&quality=75","width":200,"height":118,"aspectRatio":1.694915254237288},{"path":"\/sites\/s\/samferdselsforumnord.no\/files\/dsc01211.jpg?cropToFit=400x235&quality=75","width":400,"height":235,"aspectRatio":1.702127659574468},{"path":"\/sites\/s\/samferdselsforumnord.no\/files\/dsc01211.jpg?cropToFit=600x353&quality=75","width":600,"height":353,"aspectRatio":1.6997167138810199},{"path":"\/sites\/s\/samferdselsforumnord.no\/files\/dsc01211.jpg?cropToFit=800x471&quality=75","width":800,"height":471,"aspectRatio":1.6985138004246285},{"path":"\/sites\/s\/samferdselsforumnord.no\/files\/dsc01211.jpg?cropToFit=1000x588&quality=75","width":1000,"height":588,"aspectRatio":1.7006802721088434},{"path":"\/sites\/s\/samferdselsforumnord.no\/files\/dsc01211.jpg?cropToFit=1200x706&quality=75","width":1200,"height":706,"aspectRatio":1.6997167138810199}],"image":"\/sites\/s\/samferdselsforumnord.no\/files\/dsc01211.jpg","aspect":1.694915254237288,"type":"image","description":null},"additionalData":[]},{"classes":["outercol"],"isFavourite":false,"isExternalUrl":{"articleLink":false},"articleListButtonsData":{"buttonsList":[{"label":"Les mer","url":"\/hjem\/?Article=123","type":"readmore"}],"mode":"default"},"favouriteType":null,"mnu":null,"section":null,"displayId":true,"docId":123,"identifier":"123Article","docType":"Article","customDate":false,"teaserData":{"teaserText":"","mode":"default"},"content":{"teaser":"","intro":"- i nord krever samferdselssatsing"},"titles":{"main":"Sterk \u00f8konomisk vekst","readMoreButton":"Les mer"},"urls":{"readMore":"\/hjem\/?Article=123","booking":null},"created":{"date":"24.05.2023","time":"13:28","timestamp":1684927680},"introAllowHtml":false,"hasTicket":false,"extra":null,"hasReadMore":true,"media":{"imageData":{"path":"\/sites\/s\/samferdselsforumnord.no\/files\/dsc01211.jpg","width":2500,"height":1667,"aspectRatio":1.4997000599880024},"previewImageUrl":"\/sites\/s\/samferdselsforumnord.no\/files\/dsc01211.jpg?cropToFit=100x59&quality=50","imageVariants":[{"path":"\/sites\/s\/samferdselsforumnord.no\/files\/dsc01211.jpg?cropToFit=100x59&quality=75","width":100,"height":59,"aspectRatio":1.694915254237288},{"path":"\/sites\/s\/samferdselsforumnord.no\/files\/dsc01211.jpg?cropToFit=200x118&quality=75","width":200,"height":118,"aspectRatio":1.694915254237288},{"path":"\/sites\/s\/samferdselsforumnord.no\/files\/dsc01211.jpg?cropToFit=400x235&quality=75","width":400,"height":235,"aspectRatio":1.702127659574468},{"path":"\/sites\/s\/samferdselsforumnord.no\/files\/dsc01211.jpg?cropToFit=600x353&quality=75","width":600,"height":353,"aspectRatio":1.6997167138810199},{"path":"\/sites\/s\/samferdselsforumnord.no\/files\/dsc01211.jpg?cropToFit=800x471&quality=75","width":800,"height":471,"aspectRatio":1.6985138004246285},{"path":"\/sites\/s\/samferdselsforumnord.no\/files\/dsc01211.jpg?cropToFit=1000x588&quality=75","width":1000,"height":588,"aspectRatio":1.7006802721088434},{"path":"\/sites\/s\/samferdselsforumnord.no\/files\/dsc01211.jpg?cropToFit=1200x706&quality=75","width":1200,"height":706,"aspectRatio":1.6997167138810199}],"image":"\/sites\/s\/samferdselsforumnord.no\/files\/dsc01211.jpg","aspect":1.694915254237288,"type":"image","description":null},"additionalData":[]},{"classes":["outercol"],"isFavourite":false,"isExternalUrl":{"articleLink":false},"articleListButtonsData":{"buttonsList":[{"label":"Les mer","url":"\/hjem\/?Article=122","type":"readmore"}],"mode":"default"},"favouriteType":null,"mnu":null,"section":null,"displayId":true,"docId":122,"identifier":"122Article","docType":"Article","customDate":false,"teaserData":{"teaserText":"","mode":"default"},"content":{"teaser":"","intro":"Ny nasjonal transportplan"},"titles":{"main":"SFN prioriterer prosjekter for ny NTP 2022 \u2013 2033","readMoreButton":"Les mer"},"urls":{"readMore":"\/hjem\/?Article=122","booking":null},"created":{"date":"24.05.2023","time":"13:26","timestamp":1684927560},"introAllowHtml":false,"hasTicket":false,"extra":null,"hasReadMore":true,"media":{"imageData":{"path":"\/sites\/s\/samferdselsforumnord.no\/files\/8614de64030c054857765c6401bb1646.jpg","width":3264,"height":2448,"aspectRatio":1.3333333333333333},"previewImageUrl":"\/sites\/s\/samferdselsforumnord.no\/files\/8614de64030c054857765c6401bb1646.jpg?cropToFit=100x59&quality=50","imageVariants":[{"path":"\/sites\/s\/samferdselsforumnord.no\/files\/8614de64030c054857765c6401bb1646.jpg?cropToFit=100x59&quality=75","width":100,"height":59,"aspectRatio":1.694915254237288},{"path":"\/sites\/s\/samferdselsforumnord.no\/files\/8614de64030c054857765c6401bb1646.jpg?cropToFit=200x118&quality=75","width":200,"height":118,"aspectRatio":1.694915254237288},{"path":"\/sites\/s\/samferdselsforumnord.no\/files\/8614de64030c054857765c6401bb1646.jpg?cropToFit=400x235&quality=75","width":400,"height":235,"aspectRatio":1.702127659574468},{"path":"\/sites\/s\/samferdselsforumnord.no\/files\/8614de64030c054857765c6401bb1646.jpg?cropToFit=600x353&quality=75","width":600,"height":353,"aspectRatio":1.6997167138810199},{"path":"\/sites\/s\/samferdselsforumnord.no\/files\/8614de64030c054857765c6401bb1646.jpg?cropToFit=800x471&quality=75","width":800,"height":471,"aspectRatio":1.6985138004246285},{"path":"\/sites\/s\/samferdselsforumnord.no\/files\/8614de64030c054857765c6401bb1646.jpg?cropToFit=1000x588&quality=75","width":1000,"height":588,"aspectRatio":1.7006802721088434},{"path":"\/sites\/s\/samferdselsforumnord.no\/files\/8614de64030c054857765c6401bb1646.jpg?cropToFit=1200x706&quality=75","width":1200,"height":706,"aspectRatio":1.6997167138810199}],"image":"\/sites\/s\/samferdselsforumnord.no\/files\/8614de64030c054857765c6401bb1646.jpg","aspect":1.694915254237288,"type":"image","description":null},"additionalData":[]},{"classes":["outercol"],"isFavourite":false,"isExternalUrl":{"articleLink":false},"articleListButtonsData":{"buttonsList":[{"label":"Les mer","url":"\/hjem\/?Article=121","type":"readmore"}],"mode":"default"},"favouriteType":null,"mnu":null,"section":null,"displayId":true,"docId":121,"identifier":"121Article","docType":"Article","customDate":false,"teaserData":{"teaserText":"","mode":"default"},"content":{"teaser":"","intro":"- fra styrem\u00f8te 12. juni 2019"},"titles":{"main":"Referat ","readMoreButton":"Les mer"},"urls":{"readMore":"\/hjem\/?Article=121","booking":null},"created":{"date":"24.05.2023","time":"13:23","timestamp":1684927380},"introAllowHtml":false,"hasTicket":false,"extra":null,"hasReadMore":true,"media":{"imageData":{"path":"\/sites\/s\/samferdselsforumnord.no\/files\/img_3987.jpg","width":2048,"height":1255,"aspectRatio":1.6318725099601594},"previewImageUrl":"\/sites\/s\/samferdselsforumnord.no\/files\/img_3987.jpg?cropToFit=100x59&quality=50","imageVariants":[{"path":"\/sites\/s\/samferdselsforumnord.no\/files\/img_3987.jpg?cropToFit=100x59&quality=75","width":100,"height":59,"aspectRatio":1.694915254237288},{"path":"\/sites\/s\/samferdselsforumnord.no\/files\/img_3987.jpg?cropToFit=200x118&quality=75","width":200,"height":118,"aspectRatio":1.694915254237288},{"path":"\/sites\/s\/samferdselsforumnord.no\/files\/img_3987.jpg?cropToFit=400x235&quality=75","width":400,"height":235,"aspectRatio":1.702127659574468},{"path":"\/sites\/s\/samferdselsforumnord.no\/files\/img_3987.jpg?cropToFit=600x353&quality=75","width":600,"height":353,"aspectRatio":1.6997167138810199},{"path":"\/sites\/s\/samferdselsforumnord.no\/files\/img_3987.jpg?cropToFit=800x471&quality=75","width":800,"height":471,"aspectRatio":1.6985138004246285},{"path":"\/sites\/s\/samferdselsforumnord.no\/files\/img_3987.jpg?cropToFit=1000x588&quality=75","width":1000,"height":588,"aspectRatio":1.7006802721088434},{"path":"\/sites\/s\/samferdselsforumnord.no\/files\/img_3987.jpg?cropToFit=1200x706&quality=75","width":1200,"height":706,"aspectRatio":1.6997167138810199}],"image":"\/sites\/s\/samferdselsforumnord.no\/files\/img_3987.jpg","aspect":1.694915254237288,"type":"image","description":null},"additionalData":[]},{"classes":["outercol"],"isFavourite":false,"isExternalUrl":{"articleLink":false},"articleListButtonsData":{"buttonsList":[{"label":"Les mer","url":"\/hjem\/?Article=120","type":"readmore"}],"mode":"default"},"favouriteType":null,"mnu":null,"section":null,"displayId":true,"docId":120,"identifier":"120Article","docType":"Article","customDate":false,"teaserData":{"teaserText":"","mode":"default"},"content":{"teaser":"","intro":"Samferdselsforum Nord arbeider aktivt overfor Stortinget"},"titles":{"main":"Transportkomite m\u00f8te","readMoreButton":"Les mer"},"urls":{"readMore":"\/hjem\/?Article=120","booking":null},"created":{"date":"24.05.2023","time":"13:19","timestamp":1684927140},"introAllowHtml":false,"hasTicket":false,"extra":null,"hasReadMore":true,"media":{"imageData":{"path":"\/sites\/s\/samferdselsforumnord.no\/files\/bilde2.jpg","width":1545,"height":858,"aspectRatio":1.8006993006993006},"previewImageUrl":"\/sites\/s\/samferdselsforumnord.no\/files\/bilde2.jpg?cropToFit=100x59&quality=50","imageVariants":[{"path":"\/sites\/s\/samferdselsforumnord.no\/files\/bilde2.jpg?cropToFit=100x59&quality=75","width":100,"height":59,"aspectRatio":1.694915254237288},{"path":"\/sites\/s\/samferdselsforumnord.no\/files\/bilde2.jpg?cropToFit=200x118&quality=75","width":200,"height":118,"aspectRatio":1.694915254237288},{"path":"\/sites\/s\/samferdselsforumnord.no\/files\/bilde2.jpg?cropToFit=400x235&quality=75","width":400,"height":235,"aspectRatio":1.702127659574468},{"path":"\/sites\/s\/samferdselsforumnord.no\/files\/bilde2.jpg?cropToFit=600x353&quality=75","width":600,"height":353,"aspectRatio":1.6997167138810199},{"path":"\/sites\/s\/samferdselsforumnord.no\/files\/bilde2.jpg?cropToFit=800x471&quality=75","width":800,"height":471,"aspectRatio":1.6985138004246285},{"path":"\/sites\/s\/samferdselsforumnord.no\/files\/bilde2.jpg?cropToFit=1000x588&quality=75","width":1000,"height":588,"aspectRatio":1.7006802721088434},{"path":"\/sites\/s\/samferdselsforumnord.no\/files\/bilde2.jpg?cropToFit=1200x706&quality=75","width":1200,"height":706,"aspectRatio":1.6997167138810199}],"image":"\/sites\/s\/samferdselsforumnord.no\/files\/bilde2.jpg","aspect":1.694915254237288,"type":"image","description":null},"additionalData":[]},{"classes":["outercol"],"isFavourite":false,"isExternalUrl":{"articleLink":false},"articleListButtonsData":{"buttonsList":[{"label":"Les mer","url":"\/hjem\/?Article=139","type":"readmore"}],"mode":"default"},"favouriteType":null,"mnu":null,"section":null,"displayId":true,"docId":139,"identifier":"139Article","docType":"Article","customDate":false,"teaserData":{"teaserText":"","mode":"default"},"content":{"teaser":"","intro":"Referat fra \u00c5rsm\u00f8tet 2018\r\n\r\n"},"titles":{"main":"\u00c5rsm\u00f8tet 2018!","readMoreButton":"Les mer"},"urls":{"readMore":"\/hjem\/?Article=139","booking":null},"created":{"date":"24.05.2023","time":"13:47","timestamp":1684928820},"introAllowHtml":false,"hasTicket":false,"extra":null,"hasReadMore":true,"media":{"imageData":{"path":"\/sites\/s\/samferdselsforumnord.no\/files\/sunonroad2413810_1920.jpg","width":1920,"height":1077,"aspectRatio":1.7827298050139275},"previewImageUrl":"\/sites\/s\/samferdselsforumnord.no\/files\/sunonroad2413810_1920.jpg?cropToFit=100x59&quality=50","imageVariants":[{"path":"\/sites\/s\/samferdselsforumnord.no\/files\/sunonroad2413810_1920.jpg?cropToFit=100x59&quality=75","width":100,"height":59,"aspectRatio":1.694915254237288},{"path":"\/sites\/s\/samferdselsforumnord.no\/files\/sunonroad2413810_1920.jpg?cropToFit=200x118&quality=75","width":200,"height":118,"aspectRatio":1.694915254237288},{"path":"\/sites\/s\/samferdselsforumnord.no\/files\/sunonroad2413810_1920.jpg?cropToFit=400x235&quality=75","width":400,"height":235,"aspectRatio":1.702127659574468},{"path":"\/sites\/s\/samferdselsforumnord.no\/files\/sunonroad2413810_1920.jpg?cropToFit=600x353&quality=75","width":600,"height":353,"aspectRatio":1.6997167138810199},{"path":"\/sites\/s\/samferdselsforumnord.no\/files\/sunonroad2413810_1920.jpg?cropToFit=800x471&quality=75","width":800,"height":471,"aspectRatio":1.6985138004246285},{"path":"\/sites\/s\/samferdselsforumnord.no\/files\/sunonroad2413810_1920.jpg?cropToFit=1000x588&quality=75","width":1000,"height":588,"aspectRatio":1.7006802721088434},{"path":"\/sites\/s\/samferdselsforumnord.no\/files\/sunonroad2413810_1920.jpg?cropToFit=1200x706&quality=75","width":1200,"height":706,"aspectRatio":1.6997167138810199}],"image":"\/sites\/s\/samferdselsforumnord.no\/files\/sunonroad2413810_1920.jpg","aspect":1.694915254237288,"type":"image","description":null},"additionalData":[]},{"classes":["outercol"],"isFavourite":false,"isExternalUrl":{"articleLink":false},"articleListButtonsData":{"buttonsList":[{"label":"Les mer","url":"\/hjem\/?Article=137","type":"readmore"}],"mode":"default"},"favouriteType":null,"mnu":null,"section":null,"displayId":true,"docId":137,"identifier":"137Article","docType":"Article","customDate":false,"teaserData":{"teaserText":"Pressemeldinger og uttalelser","mode":"default"},"content":{"teaser":"Pressemeldinger og uttalelser","intro":"\u00abFREMSYN 2050-TRENDER INNEN SAMFERDSEL FREM \r\nMOT 2050.\u00bb\r\nH\u00f8ringsuttalelse fra Samferdselsforum Nord"},"titles":{"main":"H\u00f8ringsuttalelse","readMoreButton":"Les mer"},"urls":{"readMore":"\/hjem\/?Article=137","booking":null},"created":{"date":"24.05.2023","time":"13:46","timestamp":1684928760},"introAllowHtml":false,"hasTicket":false,"extra":null,"hasReadMore":true,"media":{"imageData":{"path":"\/sites\/s\/samferdselsforumnord.no\/files\/styret.jpg","width":2048,"height":1536,"aspectRatio":1.3333333333333333},"previewImageUrl":"\/sites\/s\/samferdselsforumnord.no\/files\/styret.jpg?cropToFit=100x59&quality=50","imageVariants":[{"path":"\/sites\/s\/samferdselsforumnord.no\/files\/styret.jpg?cropToFit=100x59&quality=75","width":100,"height":59,"aspectRatio":1.694915254237288},{"path":"\/sites\/s\/samferdselsforumnord.no\/files\/styret.jpg?cropToFit=200x118&quality=75","width":200,"height":118,"aspectRatio":1.694915254237288},{"path":"\/sites\/s\/samferdselsforumnord.no\/files\/styret.jpg?cropToFit=400x235&quality=75","width":400,"height":235,"aspectRatio":1.702127659574468},{"path":"\/sites\/s\/samferdselsforumnord.no\/files\/styret.jpg?cropToFit=600x353&quality=75","width":600,"height":353,"aspectRatio":1.6997167138810199},{"path":"\/sites\/s\/samferdselsforumnord.no\/files\/styret.jpg?cropToFit=800x471&quality=75","width":800,"height":471,"aspectRatio":1.6985138004246285},{"path":"\/sites\/s\/samferdselsforumnord.no\/files\/styret.jpg?cropToFit=1000x588&quality=75","width":1000,"height":588,"aspectRatio":1.7006802721088434},{"path":"\/sites\/s\/samferdselsforumnord.no\/files\/styret.jpg?cropToFit=1200x706&quality=75","width":1200,"height":706,"aspectRatio":1.6997167138810199}],"image":"\/sites\/s\/samferdselsforumnord.no\/files\/styret.jpg","aspect":1.694915254237288,"type":"image","description":null},"additionalData":[]},{"classes":["outercol"],"isFavourite":false,"isExternalUrl":{"articleLink":false},"articleListButtonsData":{"buttonsList":[{"label":"Les mer","url":"\/hjem\/?Article=136","type":"readmore"}],"mode":"default"},"favouriteType":null,"mnu":null,"section":null,"displayId":true,"docId":136,"identifier":"136Article","docType":"Article","customDate":false,"teaserData":{"teaserText":"","mode":"default"},"content":{"teaser":"","intro":"Saksliste styrem\u00f8te 12. juni 2018.\r\n"},"titles":{"main":"Saksliste ","readMoreButton":"Les mer"},"urls":{"readMore":"\/hjem\/?Article=136","booking":null},"created":{"date":"24.05.2023","time":"13:45","timestamp":1684928700},"introAllowHtml":false,"hasTicket":false,"extra":null,"hasReadMore":true,"media":{"imageData":{"path":"\/sites\/s\/samferdselsforumnord.no\/files\/styret.jpg","width":2048,"height":1536,"aspectRatio":1.3333333333333333},"previewImageUrl":"\/sites\/s\/samferdselsforumnord.no\/files\/styret.jpg?cropToFit=100x59&quality=50","imageVariants":[{"path":"\/sites\/s\/samferdselsforumnord.no\/files\/styret.jpg?cropToFit=100x59&quality=75","width":100,"height":59,"aspectRatio":1.694915254237288},{"path":"\/sites\/s\/samferdselsforumnord.no\/files\/styret.jpg?cropToFit=200x118&quality=75","width":200,"height":118,"aspectRatio":1.694915254237288},{"path":"\/sites\/s\/samferdselsforumnord.no\/files\/styret.jpg?cropToFit=400x235&quality=75","width":400,"height":235,"aspectRatio":1.702127659574468},{"path":"\/sites\/s\/samferdselsforumnord.no\/files\/styret.jpg?cropToFit=600x353&quality=75","width":600,"height":353,"aspectRatio":1.6997167138810199},{"path":"\/sites\/s\/samferdselsforumnord.no\/files\/styret.jpg?cropToFit=800x471&quality=75","width":800,"height":471,"aspectRatio":1.6985138004246285},{"path":"\/sites\/s\/samferdselsforumnord.no\/files\/styret.jpg?cropToFit=1000x588&quality=75","width":1000,"height":588,"aspectRatio":1.7006802721088434},{"path":"\/sites\/s\/samferdselsforumnord.no\/files\/styret.jpg?cropToFit=1200x706&quality=75","width":1200,"height":706,"aspectRatio":1.6997167138810199}],"image":"\/sites\/s\/samferdselsforumnord.no\/files\/styret.jpg","aspect":1.694915254237288,"type":"image","description":null},"additionalData":[]},{"classes":["outercol"],"isFavourite":false,"isExternalUrl":{"articleLink":false},"articleListButtonsData":{"buttonsList":[{"label":"Les mer","url":"\/hjem\/?Article=135","type":"readmore"}],"mode":"default"},"favouriteType":null,"mnu":null,"section":null,"displayId":true,"docId":135,"identifier":"135Article","docType":"Article","customDate":false,"teaserData":{"teaserText":"","mode":"default"},"content":{"teaser":"","intro":"konfronterte statsministeren med rasert flytilbud"},"titles":{"main":"NESO-direkt\u00f8ren ","readMoreButton":"Les mer"},"urls":{"readMore":"\/hjem\/?Article=135","booking":null},"created":{"date":"24.05.2023","time":"13:44","timestamp":1684928640},"introAllowHtml":false,"hasTicket":false,"extra":null,"hasReadMore":true,"media":{"imageData":{"path":"\/sites\/s\/samferdselsforumnord.no\/files\/erna_solberg_og_ruben_jensen.jpg","width":2048,"height":1365,"aspectRatio":1.5003663003663004},"previewImageUrl":"\/sites\/s\/samferdselsforumnord.no\/files\/erna_solberg_og_ruben_jensen.jpg?cropToFit=100x59&quality=50","imageVariants":[{"path":"\/sites\/s\/samferdselsforumnord.no\/files\/erna_solberg_og_ruben_jensen.jpg?cropToFit=100x59&quality=75","width":100,"height":59,"aspectRatio":1.694915254237288},{"path":"\/sites\/s\/samferdselsforumnord.no\/files\/erna_solberg_og_ruben_jensen.jpg?cropToFit=200x118&quality=75","width":200,"height":118,"aspectRatio":1.694915254237288},{"path":"\/sites\/s\/samferdselsforumnord.no\/files\/erna_solberg_og_ruben_jensen.jpg?cropToFit=400x235&quality=75","width":400,"height":235,"aspectRatio":1.702127659574468},{"path":"\/sites\/s\/samferdselsforumnord.no\/files\/erna_solberg_og_ruben_jensen.jpg?cropToFit=600x353&quality=75","width":600,"height":353,"aspectRatio":1.6997167138810199},{"path":"\/sites\/s\/samferdselsforumnord.no\/files\/erna_solberg_og_ruben_jensen.jpg?cropToFit=800x471&quality=75","width":800,"height":471,"aspectRatio":1.6985138004246285},{"path":"\/sites\/s\/samferdselsforumnord.no\/files\/erna_solberg_og_ruben_jensen.jpg?cropToFit=1000x588&quality=75","width":1000,"height":588,"aspectRatio":1.7006802721088434},{"path":"\/sites\/s\/samferdselsforumnord.no\/files\/erna_solberg_og_ruben_jensen.jpg?cropToFit=1200x706&quality=75","width":1200,"height":706,"aspectRatio":1.6997167138810199}],"image":"\/sites\/s\/samferdselsforumnord.no\/files\/erna_solberg_og_ruben_jensen.jpg","aspect":1.694915254237288,"type":"image","description":null},"additionalData":[]},{"classes":["outercol"],"isFavourite":false,"isExternalUrl":{"articleLink":false},"articleListButtonsData":{"buttonsList":[{"label":"Les mer","url":"\/hjem\/?Article=134","type":"readmore"}],"mode":"default"},"favouriteType":null,"mnu":null,"section":null,"displayId":true,"docId":134,"identifier":"134Article","docType":"Article","customDate":false,"teaserData":{"teaserText":"","mode":"default"},"content":{"teaser":"","intro":"M\u00d8TTE NORD NORGES SAMFERDSELSTOPPER"},"titles":{"main":"M\u00d8TTE NORD NORGES SAMFERDSELSTOPPER","readMoreButton":"Les mer"},"urls":{"readMore":"\/hjem\/?Article=134","booking":null},"created":{"date":"24.05.2023","time":"13:42","timestamp":1684928520},"introAllowHtml":false,"hasTicket":false,"extra":null,"hasReadMore":true,"media":{"imageData":{"path":"\/sites\/s\/samferdselsforumnord.no\/files\/pressemelding_03.09.18.jpg","width":2400,"height":1800,"aspectRatio":1.3333333333333333},"previewImageUrl":"\/sites\/s\/samferdselsforumnord.no\/files\/pressemelding_03.09.18.jpg?cropToFit=100x59&quality=50","imageVariants":[{"path":"\/sites\/s\/samferdselsforumnord.no\/files\/pressemelding_03.09.18.jpg?cropToFit=100x59&quality=75","width":100,"height":59,"aspectRatio":1.694915254237288},{"path":"\/sites\/s\/samferdselsforumnord.no\/files\/pressemelding_03.09.18.jpg?cropToFit=200x118&quality=75","width":200,"height":118,"aspectRatio":1.694915254237288},{"path":"\/sites\/s\/samferdselsforumnord.no\/files\/pressemelding_03.09.18.jpg?cropToFit=400x235&quality=75","width":400,"height":235,"aspectRatio":1.702127659574468},{"path":"\/sites\/s\/samferdselsforumnord.no\/files\/pressemelding_03.09.18.jpg?cropToFit=600x353&quality=75","width":600,"height":353,"aspectRatio":1.6997167138810199},{"path":"\/sites\/s\/samferdselsforumnord.no\/files\/pressemelding_03.09.18.jpg?cropToFit=800x471&quality=75","width":800,"height":471,"aspectRatio":1.6985138004246285},{"path":"\/sites\/s\/samferdselsforumnord.no\/files\/pressemelding_03.09.18.jpg?cropToFit=1000x588&quality=75","width":1000,"height":588,"aspectRatio":1.7006802721088434},{"path":"\/sites\/s\/samferdselsforumnord.no\/files\/pressemelding_03.09.18.jpg?cropToFit=1200x706&quality=75","width":1200,"height":706,"aspectRatio":1.6997167138810199}],"image":"\/sites\/s\/samferdselsforumnord.no\/files\/pressemelding_03.09.18.jpg","aspect":1.694915254237288,"type":"image","description":null},"additionalData":[]},{"classes":["outercol"],"isFavourite":false,"isExternalUrl":{"articleLink":false},"articleListButtonsData":{"buttonsList":[{"label":"Les mer","url":"\/hjem\/?Article=133","type":"readmore"}],"mode":"default"},"favouriteType":null,"mnu":null,"section":null,"displayId":true,"docId":133,"identifier":"133Article","docType":"Article","customDate":false,"teaserData":{"teaserText":"","mode":"default"},"content":{"teaser":"","intro":"Statsbudsjettet - BRA P\u00c5 VEG, SKUFFENDE P\u00c5 LUFTFART"},"titles":{"main":"Pressemelding - Statsbudsjettet","readMoreButton":"Les mer"},"urls":{"readMore":"\/hjem\/?Article=133","booking":null},"created":{"date":"24.05.2023","time":"13:41","timestamp":1684928460},"introAllowHtml":false,"hasTicket":false,"extra":null,"hasReadMore":true,"media":{"imageData":{"path":"\/sites\/s\/samferdselsforumnord.no\/files\/styreleder_bjoern_johansen.jpg","width":2048,"height":1536,"aspectRatio":1.3333333333333333},"previewImageUrl":"\/sites\/s\/samferdselsforumnord.no\/files\/styreleder_bjoern_johansen.jpg?cropToFit=100x59&quality=50","imageVariants":[{"path":"\/sites\/s\/samferdselsforumnord.no\/files\/styreleder_bjoern_johansen.jpg?cropToFit=100x59&quality=75","width":100,"height":59,"aspectRatio":1.694915254237288},{"path":"\/sites\/s\/samferdselsforumnord.no\/files\/styreleder_bjoern_johansen.jpg?cropToFit=200x118&quality=75","width":200,"height":118,"aspectRatio":1.694915254237288},{"path":"\/sites\/s\/samferdselsforumnord.no\/files\/styreleder_bjoern_johansen.jpg?cropToFit=400x235&quality=75","width":400,"height":235,"aspectRatio":1.702127659574468},{"path":"\/sites\/s\/samferdselsforumnord.no\/files\/styreleder_bjoern_johansen.jpg?cropToFit=600x353&quality=75","width":600,"height":353,"aspectRatio":1.6997167138810199},{"path":"\/sites\/s\/samferdselsforumnord.no\/files\/styreleder_bjoern_johansen.jpg?cropToFit=800x471&quality=75","width":800,"height":471,"aspectRatio":1.6985138004246285},{"path":"\/sites\/s\/samferdselsforumnord.no\/files\/styreleder_bjoern_johansen.jpg?cropToFit=1000x588&quality=75","width":1000,"height":588,"aspectRatio":1.7006802721088434},{"path":"\/sites\/s\/samferdselsforumnord.no\/files\/styreleder_bjoern_johansen.jpg?cropToFit=1200x706&quality=75","width":1200,"height":706,"aspectRatio":1.6997167138810199}],"image":"\/sites\/s\/samferdselsforumnord.no\/files\/styreleder_bjoern_johansen.jpg","aspect":1.694915254237288,"type":"image","description":null},"additionalData":[]},{"classes":["outercol"],"isFavourite":false,"isExternalUrl":{"articleLink":false},"articleListButtonsData":{"buttonsList":[{"label":"Les mer","url":"\/hjem\/?Article=132","type":"readmore"}],"mode":"default"},"favouriteType":null,"mnu":null,"section":null,"displayId":true,"docId":132,"identifier":"132Article","docType":"Article","customDate":false,"teaserData":{"teaserText":"","mode":"default"},"content":{"teaser":"","intro":"-"},"titles":{"main":"Referat fra styrem\u00f8te 22. oktober 2018","readMoreButton":"Les mer"},"urls":{"readMore":"\/hjem\/?Article=132","booking":null},"created":{"date":"24.05.2023","time":"13:40","timestamp":1684928400},"introAllowHtml":false,"hasTicket":false,"extra":null,"hasReadMore":true,"media":{"imageData":{"path":"\/sites\/s\/samferdselsforumnord.no\/files\/styret.jpg","width":2048,"height":1536,"aspectRatio":1.3333333333333333},"previewImageUrl":"\/sites\/s\/samferdselsforumnord.no\/files\/styret.jpg?cropToFit=100x59&quality=50","imageVariants":[{"path":"\/sites\/s\/samferdselsforumnord.no\/files\/styret.jpg?cropToFit=100x59&quality=75","width":100,"height":59,"aspectRatio":1.694915254237288},{"path":"\/sites\/s\/samferdselsforumnord.no\/files\/styret.jpg?cropToFit=200x118&quality=75","width":200,"height":118,"aspectRatio":1.694915254237288},{"path":"\/sites\/s\/samferdselsforumnord.no\/files\/styret.jpg?cropToFit=400x235&quality=75","width":400,"height":235,"aspectRatio":1.702127659574468},{"path":"\/sites\/s\/samferdselsforumnord.no\/files\/styret.jpg?cropToFit=600x353&quality=75","width":600,"height":353,"aspectRatio":1.6997167138810199},{"path":"\/sites\/s\/samferdselsforumnord.no\/files\/styret.jpg?cropToFit=800x471&quality=75","width":800,"height":471,"aspectRatio":1.6985138004246285},{"path":"\/sites\/s\/samferdselsforumnord.no\/files\/styret.jpg?cropToFit=1000x588&quality=75","width":1000,"height":588,"aspectRatio":1.7006802721088434},{"path":"\/sites\/s\/samferdselsforumnord.no\/files\/styret.jpg?cropToFit=1200x706&quality=75","width":1200,"height":706,"aspectRatio":1.6997167138810199}],"image":"\/sites\/s\/samferdselsforumnord.no\/files\/styret.jpg","aspect":1.694915254237288,"type":"image","description":null},"additionalData":[]},{"classes":["outercol"],"isFavourite":false,"isExternalUrl":{"articleLink":false},"articleListButtonsData":{"buttonsList":[{"label":"Les mer","url":"\/hjem\/?Article=131","type":"readmore"}],"mode":"default"},"favouriteType":null,"mnu":null,"section":null,"displayId":true,"docId":131,"identifier":"131Article","docType":"Article","customDate":false,"teaserData":{"teaserText":"","mode":"default"},"content":{"teaser":"","intro":"-"},"titles":{"main":"SOLID DIALOG MED NORD NORGE-BENKEN","readMoreButton":"Les mer"},"urls":{"readMore":"\/hjem\/?Article=131","booking":null},"created":{"date":"24.05.2023","time":"13:38","timestamp":1684928280},"introAllowHtml":false,"hasTicket":false,"extra":null,"hasReadMore":true,"media":{"imageData":{"path":"\/sites\/s\/samferdselsforumnord.no\/files\/nord_norgebenken.jpg","width":2400,"height":1800,"aspectRatio":1.3333333333333333},"previewImageUrl":"\/sites\/s\/samferdselsforumnord.no\/files\/nord_norgebenken.jpg?cropToFit=100x59&quality=50","imageVariants":[{"path":"\/sites\/s\/samferdselsforumnord.no\/files\/nord_norgebenken.jpg?cropToFit=100x59&quality=75","width":100,"height":59,"aspectRatio":1.694915254237288},{"path":"\/sites\/s\/samferdselsforumnord.no\/files\/nord_norgebenken.jpg?cropToFit=200x118&quality=75","width":200,"height":118,"aspectRatio":1.694915254237288},{"path":"\/sites\/s\/samferdselsforumnord.no\/files\/nord_norgebenken.jpg?cropToFit=400x235&quality=75","width":400,"height":235,"aspectRatio":1.702127659574468},{"path":"\/sites\/s\/samferdselsforumnord.no\/files\/nord_norgebenken.jpg?cropToFit=600x353&quality=75","width":600,"height":353,"aspectRatio":1.6997167138810199},{"path":"\/sites\/s\/samferdselsforumnord.no\/files\/nord_norgebenken.jpg?cropToFit=800x471&quality=75","width":800,"height":471,"aspectRatio":1.6985138004246285},{"path":"\/sites\/s\/samferdselsforumnord.no\/files\/nord_norgebenken.jpg?cropToFit=1000x588&quality=75","width":1000,"height":588,"aspectRatio":1.7006802721088434},{"path":"\/sites\/s\/samferdselsforumnord.no\/files\/nord_norgebenken.jpg?cropToFit=1200x706&quality=75","width":1200,"height":706,"aspectRatio":1.6997167138810199}],"image":"\/sites\/s\/samferdselsforumnord.no\/files\/nord_norgebenken.jpg","aspect":1.694915254237288,"type":"image","description":null},"additionalData":[]},{"classes":["outercol"],"isFavourite":false,"isExternalUrl":{"articleLink":false},"articleListButtonsData":{"buttonsList":[{"label":"Les mer","url":"\/hjem\/?Article=127","type":"readmore"}],"mode":"default"},"favouriteType":null,"mnu":null,"section":null,"displayId":true,"docId":127,"identifier":"127Article","docType":"Article","customDate":false,"teaserData":{"teaserText":"","mode":"default"},"content":{"teaser":"","intro":""},"titles":{"main":"Protokoll fra styrem\u00f8tet desember 2018","readMoreButton":"Les mer"},"urls":{"readMore":"\/hjem\/?Article=127","booking":null},"created":{"date":"24.05.2023","time":"13:32","timestamp":1684927920},"introAllowHtml":false,"hasTicket":false,"extra":null,"hasReadMore":true,"media":{"imageData":{"path":"\/sites\/s\/samferdselsforumnord.no\/files\/styret.jpg","width":2048,"height":1536,"aspectRatio":1.3333333333333333},"previewImageUrl":"\/sites\/s\/samferdselsforumnord.no\/files\/styret.jpg?cropToFit=100x59&quality=50","imageVariants":[{"path":"\/sites\/s\/samferdselsforumnord.no\/files\/styret.jpg?cropToFit=100x59&quality=75","width":100,"height":59,"aspectRatio":1.694915254237288},{"path":"\/sites\/s\/samferdselsforumnord.no\/files\/styret.jpg?cropToFit=200x118&quality=75","width":200,"height":118,"aspectRatio":1.694915254237288},{"path":"\/sites\/s\/samferdselsforumnord.no\/files\/styret.jpg?cropToFit=400x235&quality=75","width":400,"height":235,"aspectRatio":1.702127659574468},{"path":"\/sites\/s\/samferdselsforumnord.no\/files\/styret.jpg?cropToFit=600x353&quality=75","width":600,"height":353,"aspectRatio":1.6997167138810199},{"path":"\/sites\/s\/samferdselsforumnord.no\/files\/styret.jpg?cropToFit=800x471&quality=75","width":800,"height":471,"aspectRatio":1.6985138004246285},{"path":"\/sites\/s\/samferdselsforumnord.no\/files\/styret.jpg?cropToFit=1000x588&quality=75","width":1000,"height":588,"aspectRatio":1.7006802721088434},{"path":"\/sites\/s\/samferdselsforumnord.no\/files\/styret.jpg?cropToFit=1200x706&quality=75","width":1200,"height":706,"aspectRatio":1.6997167138810199}],"image":"\/sites\/s\/samferdselsforumnord.no\/files\/styret.jpg","aspect":1.694915254237288,"type":"image","description":null},"additionalData":[]},{"classes":["outercol"],"isFavourite":false,"isExternalUrl":{"articleLink":false},"articleListButtonsData":{"buttonsList":[{"label":"Les mer","url":"\/hjem\/?Article=128","type":"readmore"}],"mode":"default"},"favouriteType":null,"mnu":null,"section":null,"displayId":true,"docId":128,"identifier":"128Article","docType":"Article","customDate":false,"teaserData":{"teaserText":"","mode":"default"},"content":{"teaser":"","intro":"Protokoll fra styrem\u00f8tet desember 2018"},"titles":{"main":"Oppl\u00f8ftende Ofotbane-seminar p\u00e5 stortinget","readMoreButton":"Les mer"},"urls":{"readMore":"\/hjem\/?Article=128","booking":null},"created":{"date":"24.05.2023","time":"13:35","timestamp":1684928100},"introAllowHtml":false,"hasTicket":false,"extra":null,"hasReadMore":true,"media":{"imageData":{"path":"\/sites\/s\/samferdselsforumnord.no\/files\/styret.jpg","width":2048,"height":1536,"aspectRatio":1.3333333333333333},"previewImageUrl":"\/sites\/s\/samferdselsforumnord.no\/files\/styret.jpg?cropToFit=100x59&quality=50","imageVariants":[{"path":"\/sites\/s\/samferdselsforumnord.no\/files\/styret.jpg?cropToFit=100x59&quality=75","width":100,"height":59,"aspectRatio":1.694915254237288},{"path":"\/sites\/s\/samferdselsforumnord.no\/files\/styret.jpg?cropToFit=200x118&quality=75","width":200,"height":118,"aspectRatio":1.694915254237288},{"path":"\/sites\/s\/samferdselsforumnord.no\/files\/styret.jpg?cropToFit=400x235&quality=75","width":400,"height":235,"aspectRatio":1.702127659574468},{"path":"\/sites\/s\/samferdselsforumnord.no\/files\/styret.jpg?cropToFit=600x353&quality=75","width":600,"height":353,"aspectRatio":1.6997167138810199},{"path":"\/sites\/s\/samferdselsforumnord.no\/files\/styret.jpg?cropToFit=800x471&quality=75","width":800,"height":471,"aspectRatio":1.6985138004246285},{"path":"\/sites\/s\/samferdselsforumnord.no\/files\/styret.jpg?cropToFit=1000x588&quality=75","width":1000,"height":588,"aspectRatio":1.7006802721088434},{"path":"\/sites\/s\/samferdselsforumnord.no\/files\/styret.jpg?cropToFit=1200x706&quality=75","width":1200,"height":706,"aspectRatio":1.6997167138810199}],"image":"\/sites\/s\/samferdselsforumnord.no\/files\/styret.jpg","aspect":1.694915254237288,"type":"image","description":null},"additionalData":[]},{"classes":["outercol"],"isFavourite":false,"isExternalUrl":{"articleLink":false},"articleListButtonsData":{"buttonsList":[{"label":"Les mer","url":"\/hjem\/?Article=153","type":"readmore"}],"mode":"default"},"favouriteType":null,"mnu":null,"section":null,"displayId":true,"docId":153,"identifier":"153Article","docType":"Article","customDate":false,"teaserData":{"teaserText":"","mode":"default"},"content":{"teaser":"","intro":"Vi er forn\u00f8yd!"},"titles":{"main":"Statsbudsjettet 2017","readMoreButton":"Les mer"},"urls":{"readMore":"\/hjem\/?Article=153","booking":null},"created":{"date":"24.05.2023","time":"15:07","timestamp":1684933620},"introAllowHtml":false,"hasTicket":false,"extra":null,"hasReadMore":true,"media":{"imageData":{"path":"\/sites\/s\/samferdselsforumnord.no\/files\/img_3968.jpg","width":2500,"height":1272,"aspectRatio":1.9654088050314464},"previewImageUrl":"\/sites\/s\/samferdselsforumnord.no\/files\/img_3968.jpg?cropToFit=100x59&quality=50","imageVariants":[{"path":"\/sites\/s\/samferdselsforumnord.no\/files\/img_3968.jpg?cropToFit=100x59&quality=75","width":100,"height":59,"aspectRatio":1.694915254237288},{"path":"\/sites\/s\/samferdselsforumnord.no\/files\/img_3968.jpg?cropToFit=200x118&quality=75","width":200,"height":118,"aspectRatio":1.694915254237288},{"path":"\/sites\/s\/samferdselsforumnord.no\/files\/img_3968.jpg?cropToFit=400x235&quality=75","width":400,"height":235,"aspectRatio":1.702127659574468},{"path":"\/sites\/s\/samferdselsforumnord.no\/files\/img_3968.jpg?cropToFit=600x353&quality=75","width":600,"height":353,"aspectRatio":1.6997167138810199},{"path":"\/sites\/s\/samferdselsforumnord.no\/files\/img_3968.jpg?cropToFit=800x471&quality=75","width":800,"height":471,"aspectRatio":1.6985138004246285},{"path":"\/sites\/s\/samferdselsforumnord.no\/files\/img_3968.jpg?cropToFit=1000x588&quality=75","width":1000,"height":588,"aspectRatio":1.7006802721088434},{"path":"\/sites\/s\/samferdselsforumnord.no\/files\/img_3968.jpg?cropToFit=1200x706&quality=75","width":1200,"height":706,"aspectRatio":1.6997167138810199}],"image":"\/sites\/s\/samferdselsforumnord.no\/files\/img_3968.jpg","aspect":1.694915254237288,"type":"image","description":null},"additionalData":[]},{"classes":["outercol"],"isFavourite":false,"isExternalUrl":{"articleLink":false},"articleListButtonsData":{"buttonsList":[{"label":"Les mer","url":"\/hjem\/?Article=152","type":"readmore"}],"mode":"default"},"favouriteType":null,"mnu":null,"section":null,"displayId":true,"docId":152,"identifier":"152Article","docType":"Article","customDate":false,"teaserData":{"teaserText":"","mode":"default"},"content":{"teaser":"","intro":"I ny rapport fra Ramb\u00f8ll & Co p\u00e5 oppdrag fra Opplysningsr\u00e5det for Veitrafikken (OFV), framkommer at ni fylker har f\u00e5tt d\u00e5rligere veier. \r\n\r\n\r\n"},"titles":{"main":"Ni fylker har f\u00e5tt d\u00e5rligere veier","readMoreButton":"Les mer"},"urls":{"readMore":"\/hjem\/?Article=152","booking":null},"created":{"date":"24.05.2023","time":"14:35","timestamp":1684931700},"introAllowHtml":false,"hasTicket":false,"extra":null,"hasReadMore":true,"media":{"imageData":{"path":"\/sites\/s\/samferdselsforumnord.no\/files\/img_3987.jpg","width":2048,"height":1255,"aspectRatio":1.6318725099601594},"previewImageUrl":"\/sites\/s\/samferdselsforumnord.no\/files\/img_3987.jpg?cropToFit=100x59&quality=50","imageVariants":[{"path":"\/sites\/s\/samferdselsforumnord.no\/files\/img_3987.jpg?cropToFit=100x59&quality=75","width":100,"height":59,"aspectRatio":1.694915254237288},{"path":"\/sites\/s\/samferdselsforumnord.no\/files\/img_3987.jpg?cropToFit=200x118&quality=75","width":200,"height":118,"aspectRatio":1.694915254237288},{"path":"\/sites\/s\/samferdselsforumnord.no\/files\/img_3987.jpg?cropToFit=400x235&quality=75","width":400,"height":235,"aspectRatio":1.702127659574468},{"path":"\/sites\/s\/samferdselsforumnord.no\/files\/img_3987.jpg?cropToFit=600x353&quality=75","width":600,"height":353,"aspectRatio":1.6997167138810199},{"path":"\/sites\/s\/samferdselsforumnord.no\/files\/img_3987.jpg?cropToFit=800x471&quality=75","width":800,"height":471,"aspectRatio":1.6985138004246285},{"path":"\/sites\/s\/samferdselsforumnord.no\/files\/img_3987.jpg?cropToFit=1000x588&quality=75","width":1000,"height":588,"aspectRatio":1.7006802721088434},{"path":"\/sites\/s\/samferdselsforumnord.no\/files\/img_3987.jpg?cropToFit=1200x706&quality=75","width":1200,"height":706,"aspectRatio":1.6997167138810199}],"image":"\/sites\/s\/samferdselsforumnord.no\/files\/img_3987.jpg","aspect":1.694915254237288,"type":"image","description":null},"additionalData":[]},{"classes":["outercol"],"isFavourite":false,"isExternalUrl":{"articleLink":false},"articleListButtonsData":{"buttonsList":[{"label":"Les mer","url":"\/hjem\/?Article=150","type":"readmore"}],"mode":"default"},"favouriteType":null,"mnu":null,"section":null,"displayId":true,"docId":150,"identifier":"150Article","docType":"Article","customDate":false,"teaserData":{"teaserText":"","mode":"default"},"content":{"teaser":"","intro":"NLF med viktig informasjonsvideo om lastebiler og barn i trafikken"},"titles":{"main":"Stopp, se og vink!","readMoreButton":"Les mer"},"urls":{"readMore":"\/hjem\/?Article=150","booking":null},"created":{"date":"24.05.2023","time":"14:30","timestamp":1684931400},"introAllowHtml":false,"hasTicket":false,"extra":null,"hasReadMore":true,"media":{"imageData":{"path":"\/sites\/s\/samferdselsforumnord.no\/files\/9f993d2767d2f8f245544bbae1c1654b.jpg","width":3264,"height":2448,"aspectRatio":1.3333333333333333},"previewImageUrl":"\/sites\/s\/samferdselsforumnord.no\/files\/9f993d2767d2f8f245544bbae1c1654b.jpg?cropToFit=100x59&quality=50","imageVariants":[{"path":"\/sites\/s\/samferdselsforumnord.no\/files\/9f993d2767d2f8f245544bbae1c1654b.jpg?cropToFit=100x59&quality=75","width":100,"height":59,"aspectRatio":1.694915254237288},{"path":"\/sites\/s\/samferdselsforumnord.no\/files\/9f993d2767d2f8f245544bbae1c1654b.jpg?cropToFit=200x118&quality=75","width":200,"height":118,"aspectRatio":1.694915254237288},{"path":"\/sites\/s\/samferdselsforumnord.no\/files\/9f993d2767d2f8f245544bbae1c1654b.jpg?cropToFit=400x235&quality=75","width":400,"height":235,"aspectRatio":1.702127659574468},{"path":"\/sites\/s\/samferdselsforumnord.no\/files\/9f993d2767d2f8f245544bbae1c1654b.jpg?cropToFit=600x353&quality=75","width":600,"height":353,"aspectRatio":1.6997167138810199},{"path":"\/sites\/s\/samferdselsforumnord.no\/files\/9f993d2767d2f8f245544bbae1c1654b.jpg?cropToFit=800x471&quality=75","width":800,"height":471,"aspectRatio":1.6985138004246285},{"path":"\/sites\/s\/samferdselsforumnord.no\/files\/9f993d2767d2f8f245544bbae1c1654b.jpg?cropToFit=1000x588&quality=75","width":1000,"height":588,"aspectRatio":1.7006802721088434},{"path":"\/sites\/s\/samferdselsforumnord.no\/files\/9f993d2767d2f8f245544bbae1c1654b.jpg?cropToFit=1200x706&quality=75","width":1200,"height":706,"aspectRatio":1.6997167138810199}],"image":"\/sites\/s\/samferdselsforumnord.no\/files\/9f993d2767d2f8f245544bbae1c1654b.jpg","aspect":1.694915254237288,"type":"image","description":null},"additionalData":[]},{"classes":["outercol"],"isFavourite":false,"isExternalUrl":{"articleLink":false},"articleListButtonsData":{"buttonsList":[{"label":"Les mer","url":"\/hjem\/?Article=147","type":"readmore"}],"mode":"default"},"favouriteType":null,"mnu":null,"section":null,"displayId":true,"docId":147,"identifier":"147Article","docType":"Article","customDate":false,"teaserData":{"teaserText":"Pressemeldinger og uttalelser","mode":"default"},"content":{"teaser":"Pressemeldinger og uttalelser","intro":"Samferdselsforum Nord liker det de ser av NTP fram til 2029"},"titles":{"main":"Historisk l\u00f8ft for ny Nasjonal Transportplan","readMoreButton":"Les mer"},"urls":{"readMore":"\/hjem\/?Article=147","booking":null},"created":{"date":"24.05.2023","time":"14:27","timestamp":1684931220},"introAllowHtml":false,"hasTicket":false,"extra":null,"hasReadMore":true,"media":{"imageData":{"path":"\/sites\/s\/samferdselsforumnord.no\/files\/720e143a41c5c32d472746a594ae7759.jpg","width":1224,"height":1370,"aspectRatio":0.8934306569343066},"previewImageUrl":"\/sites\/s\/samferdselsforumnord.no\/files\/720e143a41c5c32d472746a594ae7759.jpg?cropToFit=100x59&quality=50","imageVariants":[{"path":"\/sites\/s\/samferdselsforumnord.no\/files\/720e143a41c5c32d472746a594ae7759.jpg?cropToFit=100x59&quality=75","width":100,"height":59,"aspectRatio":1.694915254237288},{"path":"\/sites\/s\/samferdselsforumnord.no\/files\/720e143a41c5c32d472746a594ae7759.jpg?cropToFit=200x118&quality=75","width":200,"height":118,"aspectRatio":1.694915254237288},{"path":"\/sites\/s\/samferdselsforumnord.no\/files\/720e143a41c5c32d472746a594ae7759.jpg?cropToFit=400x235&quality=75","width":400,"height":235,"aspectRatio":1.702127659574468},{"path":"\/sites\/s\/samferdselsforumnord.no\/files\/720e143a41c5c32d472746a594ae7759.jpg?cropToFit=600x353&quality=75","width":600,"height":353,"aspectRatio":1.6997167138810199},{"path":"\/sites\/s\/samferdselsforumnord.no\/files\/720e143a41c5c32d472746a594ae7759.jpg?cropToFit=800x471&quality=75","width":800,"height":471,"aspectRatio":1.6985138004246285},{"path":"\/sites\/s\/samferdselsforumnord.no\/files\/720e143a41c5c32d472746a594ae7759.jpg?cropToFit=1000x588&quality=75","width":1000,"height":588,"aspectRatio":1.7006802721088434},{"path":"\/sites\/s\/samferdselsforumnord.no\/files\/720e143a41c5c32d472746a594ae7759.jpg?cropToFit=1200x706&quality=75","width":1200,"height":706,"aspectRatio":1.6997167138810199}],"image":"\/sites\/s\/samferdselsforumnord.no\/files\/720e143a41c5c32d472746a594ae7759.jpg","aspect":1.694915254237288,"type":"image","description":null},"additionalData":[]},{"classes":["outercol"],"isFavourite":false,"isExternalUrl":{"articleLink":false},"articleListButtonsData":{"buttonsList":[{"label":"Les mer","url":"\/hjem\/?Article=148","type":"readmore"}],"mode":"default"},"favouriteType":null,"mnu":null,"section":null,"displayId":true,"docId":148,"identifier":"148Article","docType":"Article","customDate":false,"teaserData":{"teaserText":"","mode":"default"},"content":{"teaser":"","intro":"Les h\u00f8ringsuttalelsen i artikkelen"},"titles":{"main":"H\u00f8ringsuttalelse ny NTP 2018 - 2029","readMoreButton":"Les mer"},"urls":{"readMore":"\/hjem\/?Article=148","booking":null},"created":{"date":"24.05.2023","time":"14:27","timestamp":1684931220},"introAllowHtml":false,"hasTicket":false,"extra":null,"hasReadMore":true,"media":{"imageData":{"path":"\/sites\/s\/samferdselsforumnord.no\/files\/5a84f97f38bef33cc9877a83854845db.jpg","width":1536,"height":736,"aspectRatio":2.0869565217391304},"previewImageUrl":"\/sites\/s\/samferdselsforumnord.no\/files\/5a84f97f38bef33cc9877a83854845db.jpg?cropToFit=100x59&quality=50","imageVariants":[{"path":"\/sites\/s\/samferdselsforumnord.no\/files\/5a84f97f38bef33cc9877a83854845db.jpg?cropToFit=100x59&quality=75","width":100,"height":59,"aspectRatio":1.694915254237288},{"path":"\/sites\/s\/samferdselsforumnord.no\/files\/5a84f97f38bef33cc9877a83854845db.jpg?cropToFit=200x118&quality=75","width":200,"height":118,"aspectRatio":1.694915254237288},{"path":"\/sites\/s\/samferdselsforumnord.no\/files\/5a84f97f38bef33cc9877a83854845db.jpg?cropToFit=400x235&quality=75","width":400,"height":235,"aspectRatio":1.702127659574468},{"path":"\/sites\/s\/samferdselsforumnord.no\/files\/5a84f97f38bef33cc9877a83854845db.jpg?cropToFit=600x353&quality=75","width":600,"height":353,"aspectRatio":1.6997167138810199},{"path":"\/sites\/s\/samferdselsforumnord.no\/files\/5a84f97f38bef33cc9877a83854845db.jpg?cropToFit=800x471&quality=75","width":800,"height":471,"aspectRatio":1.6985138004246285},{"path":"\/sites\/s\/samferdselsforumnord.no\/files\/5a84f97f38bef33cc9877a83854845db.jpg?cropToFit=1000x588&quality=75","width":1000,"height":588,"aspectRatio":1.7006802721088434},{"path":"\/sites\/s\/samferdselsforumnord.no\/files\/5a84f97f38bef33cc9877a83854845db.jpg?cropToFit=1200x706&quality=75","width":1200,"height":706,"aspectRatio":1.6997167138810199}],"image":"\/sites\/s\/samferdselsforumnord.no\/files\/5a84f97f38bef33cc9877a83854845db.jpg","aspect":1.694915254237288,"type":"image","description":null},"additionalData":[]},{"classes":["outercol"],"isFavourite":false,"isExternalUrl":{"articleLink":false},"articleListButtonsData":{"buttonsList":[{"label":"Les mer","url":"\/hjem\/?Article=146","type":"readmore"}],"mode":"default"},"favouriteType":null,"mnu":null,"section":null,"displayId":true,"docId":146,"identifier":"146Article","docType":"Article","customDate":false,"teaserData":{"teaserText":"","mode":"default"},"content":{"teaser":"","intro":"Det registreres at det ligger en reduksjon i antall avganger i anbudet der to rundturer p\u00e5 natt tas ut ved fergesambandet Drag-Kj\u00f8psvik Rv 827. Et tilbakeskritt i forhold til eksisterende rutetilbud."},"titles":{"main":"Reduksjon i nattavgang Drag-Kj\u00f8psvik i nytt anbud fergesamband","readMoreButton":"Les mer"},"urls":{"readMore":"\/hjem\/?Article=146","booking":null},"created":{"date":"24.05.2023","time":"13:55","timestamp":1684929300},"introAllowHtml":false,"hasTicket":false,"extra":null,"hasReadMore":true,"media":{"imageData":{"path":"\/sites\/s\/samferdselsforumnord.no\/files\/8614de64030c054857765c6401bb1646.jpg","width":3264,"height":2448,"aspectRatio":1.3333333333333333},"previewImageUrl":"\/sites\/s\/samferdselsforumnord.no\/files\/8614de64030c054857765c6401bb1646.jpg?cropToFit=100x59&quality=50","imageVariants":[{"path":"\/sites\/s\/samferdselsforumnord.no\/files\/8614de64030c054857765c6401bb1646.jpg?cropToFit=100x59&quality=75","width":100,"height":59,"aspectRatio":1.694915254237288},{"path":"\/sites\/s\/samferdselsforumnord.no\/files\/8614de64030c054857765c6401bb1646.jpg?cropToFit=200x118&quality=75","width":200,"height":118,"aspectRatio":1.694915254237288},{"path":"\/sites\/s\/samferdselsforumnord.no\/files\/8614de64030c054857765c6401bb1646.jpg?cropToFit=400x235&quality=75","width":400,"height":235,"aspectRatio":1.702127659574468},{"path":"\/sites\/s\/samferdselsforumnord.no\/files\/8614de64030c054857765c6401bb1646.jpg?cropToFit=600x353&quality=75","width":600,"height":353,"aspectRatio":1.6997167138810199},{"path":"\/sites\/s\/samferdselsforumnord.no\/files\/8614de64030c054857765c6401bb1646.jpg?cropToFit=800x471&quality=75","width":800,"height":471,"aspectRatio":1.6985138004246285},{"path":"\/sites\/s\/samferdselsforumnord.no\/files\/8614de64030c054857765c6401bb1646.jpg?cropToFit=1000x588&quality=75","width":1000,"height":588,"aspectRatio":1.7006802721088434},{"path":"\/sites\/s\/samferdselsforumnord.no\/files\/8614de64030c054857765c6401bb1646.jpg?cropToFit=1200x706&quality=75","width":1200,"height":706,"aspectRatio":1.6997167138810199}],"image":"\/sites\/s\/samferdselsforumnord.no\/files\/8614de64030c054857765c6401bb1646.jpg","aspect":1.694915254237288,"type":"image","description":null},"additionalData":[]},{"classes":["outercol"],"isFavourite":false,"isExternalUrl":{"articleLink":false},"articleListButtonsData":{"buttonsList":[{"label":"Les mer","url":"\/hjem\/?Article=145","type":"readmore"}],"mode":"default"},"favouriteType":null,"mnu":null,"section":null,"displayId":true,"docId":145,"identifier":"145Article","docType":"Article","customDate":false,"teaserData":{"teaserText":"","mode":"default"},"content":{"teaser":"","intro":"Dialogm\u00f8te med Nord-Norge-benken p\u00e5 Stortinget ang\u00e5ende kommende Nasjonal Transportplan 2018-2029"},"titles":{"main":"Samferdselsforum Nord hos Stortinget 22. mars 2017","readMoreButton":"Les mer"},"urls":{"readMore":"\/hjem\/?Article=145","booking":null},"created":{"date":"24.05.2023","time":"13:53","timestamp":1684929180},"introAllowHtml":false,"hasTicket":false,"extra":null,"hasReadMore":true,"media":{"imageData":{"path":"\/sites\/s\/samferdselsforumnord.no\/files\/220217_sfn.jpg","width":1334,"height":800,"aspectRatio":1.6675},"previewImageUrl":"\/sites\/s\/samferdselsforumnord.no\/files\/220217_sfn.jpg?cropToFit=100x59&quality=50","imageVariants":[{"path":"\/sites\/s\/samferdselsforumnord.no\/files\/220217_sfn.jpg?cropToFit=100x59&quality=75","width":100,"height":59,"aspectRatio":1.694915254237288},{"path":"\/sites\/s\/samferdselsforumnord.no\/files\/220217_sfn.jpg?cropToFit=200x118&quality=75","width":200,"height":118,"aspectRatio":1.694915254237288},{"path":"\/sites\/s\/samferdselsforumnord.no\/files\/220217_sfn.jpg?cropToFit=400x235&quality=75","width":400,"height":235,"aspectRatio":1.702127659574468},{"path":"\/sites\/s\/samferdselsforumnord.no\/files\/220217_sfn.jpg?cropToFit=600x353&quality=75","width":600,"height":353,"aspectRatio":1.6997167138810199},{"path":"\/sites\/s\/samferdselsforumnord.no\/files\/220217_sfn.jpg?cropToFit=800x471&quality=75","width":800,"height":471,"aspectRatio":1.6985138004246285},{"path":"\/sites\/s\/samferdselsforumnord.no\/files\/220217_sfn.jpg?cropToFit=1000x588&quality=75","width":1000,"height":588,"aspectRatio":1.7006802721088434},{"path":"\/sites\/s\/samferdselsforumnord.no\/files\/220217_sfn.jpg?cropToFit=1200x706&quality=75","width":1200,"height":706,"aspectRatio":1.6997167138810199}],"image":"\/sites\/s\/samferdselsforumnord.no\/files\/220217_sfn.jpg","aspect":1.694915254237288,"type":"image","description":"Samferdselsforum Nord Stortinget mars 2017"},"additionalData":[]},{"classes":["outercol"],"isFavourite":false,"isExternalUrl":{"articleLink":false},"articleListButtonsData":{"buttonsList":[{"label":"Les mer","url":"\/hjem\/?Article=143","type":"readmore"}],"mode":"default"},"favouriteType":null,"mnu":null,"section":null,"displayId":true,"docId":143,"identifier":"143Article","docType":"Article","customDate":false,"teaserData":{"teaserText":"","mode":"default"},"content":{"teaser":"","intro":"Betydningen av prioriteringer til rassikring"},"titles":{"main":"Den nasjonale rassikringskonferansen 2017","readMoreButton":"Les mer"},"urls":{"readMore":"\/hjem\/?Article=143","booking":null},"created":{"date":"24.05.2023","time":"13:51","timestamp":1684929060},"introAllowHtml":false,"hasTicket":false,"extra":null,"hasReadMore":true,"media":{"imageData":{"path":"\/sites\/s\/samferdselsforumnord.no\/files\/raskonferansen_v.jpg","width":750,"height":740,"aspectRatio":1.0135135135135136},"previewImageUrl":"\/sites\/s\/samferdselsforumnord.no\/files\/raskonferansen_v.jpg?cropToFit=100x59&quality=50","imageVariants":[{"path":"\/sites\/s\/samferdselsforumnord.no\/files\/raskonferansen_v.jpg?cropToFit=100x59&quality=75","width":100,"height":59,"aspectRatio":1.694915254237288},{"path":"\/sites\/s\/samferdselsforumnord.no\/files\/raskonferansen_v.jpg?cropToFit=200x118&quality=75","width":200,"height":118,"aspectRatio":1.694915254237288},{"path":"\/sites\/s\/samferdselsforumnord.no\/files\/raskonferansen_v.jpg?cropToFit=400x235&quality=75","width":400,"height":235,"aspectRatio":1.702127659574468},{"path":"\/sites\/s\/samferdselsforumnord.no\/files\/raskonferansen_v.jpg?cropToFit=600x353&quality=75","width":600,"height":353,"aspectRatio":1.6997167138810199},{"path":"\/sites\/s\/samferdselsforumnord.no\/files\/raskonferansen_v.jpg?cropToFit=800x471&quality=75","width":750,"height":442,"aspectRatio":1.6968325791855203},{"path":"\/sites\/s\/samferdselsforumnord.no\/files\/raskonferansen_v.jpg?cropToFit=1000x588&quality=75","width":750,"height":441,"aspectRatio":1.7006802721088434},{"path":"\/sites\/s\/samferdselsforumnord.no\/files\/raskonferansen_v.jpg?cropToFit=1200x706&quality=75","width":750,"height":441,"aspectRatio":1.7006802721088434}],"image":"\/sites\/s\/samferdselsforumnord.no\/files\/raskonferansen_v.jpg","aspect":1.694915254237288,"type":"image","description":null},"additionalData":[]},{"classes":["outercol"],"isFavourite":false,"isExternalUrl":{"articleLink":false},"articleListButtonsData":{"buttonsList":[{"label":"Les mer","url":"\/hjem\/?Article=141","type":"readmore"}],"mode":"default"},"favouriteType":null,"mnu":null,"section":null,"displayId":true,"docId":141,"identifier":"141Article","docType":"Article","customDate":false,"teaserData":{"teaserText":"","mode":"default"},"content":{"teaser":"","intro":"-\tHistorisk l\u00f8ft for ny Nasjonal Transportplan 2018 - 2029\r\n\r\n"},"titles":{"main":"Pressemelding: NTP 2018-2029","readMoreButton":"Les mer"},"urls":{"readMore":"\/hjem\/?Article=141","booking":null},"created":{"date":"24.05.2023","time":"13:50","timestamp":1684929000},"introAllowHtml":false,"hasTicket":false,"extra":null,"hasReadMore":true,"media":{"imageData":{"path":"\/sites\/s\/samferdselsforumnord.no\/files\/46d115f77186905ea2dbbfb17ec7cce2.jpg","width":711,"height":680,"aspectRatio":1.0455882352941177},"previewImageUrl":"\/sites\/s\/samferdselsforumnord.no\/files\/46d115f77186905ea2dbbfb17ec7cce2.jpg?cropToFit=100x59&quality=50","imageVariants":[{"path":"\/sites\/s\/samferdselsforumnord.no\/files\/46d115f77186905ea2dbbfb17ec7cce2.jpg?cropToFit=100x59&quality=75","width":100,"height":59,"aspectRatio":1.694915254237288},{"path":"\/sites\/s\/samferdselsforumnord.no\/files\/46d115f77186905ea2dbbfb17ec7cce2.jpg?cropToFit=200x118&quality=75","width":200,"height":118,"aspectRatio":1.694915254237288},{"path":"\/sites\/s\/samferdselsforumnord.no\/files\/46d115f77186905ea2dbbfb17ec7cce2.jpg?cropToFit=400x235&quality=75","width":400,"height":235,"aspectRatio":1.702127659574468},{"path":"\/sites\/s\/samferdselsforumnord.no\/files\/46d115f77186905ea2dbbfb17ec7cce2.jpg?cropToFit=600x353&quality=75","width":600,"height":353,"aspectRatio":1.6997167138810199},{"path":"\/sites\/s\/samferdselsforumnord.no\/files\/46d115f77186905ea2dbbfb17ec7cce2.jpg?cropToFit=800x471&quality=75","width":711,"height":419,"aspectRatio":1.6968973747016707},{"path":"\/sites\/s\/samferdselsforumnord.no\/files\/46d115f77186905ea2dbbfb17ec7cce2.jpg?cropToFit=1000x588&quality=75","width":711,"height":418,"aspectRatio":1.700956937799043},{"path":"\/sites\/s\/samferdselsforumnord.no\/files\/46d115f77186905ea2dbbfb17ec7cce2.jpg?cropToFit=1200x706&quality=75","width":711,"height":418,"aspectRatio":1.700956937799043}],"image":"\/sites\/s\/samferdselsforumnord.no\/files\/46d115f77186905ea2dbbfb17ec7cce2.jpg","aspect":1.694915254237288,"type":"image","description":null},"additionalData":[]},{"classes":["outercol"],"isFavourite":false,"isExternalUrl":{"articleLink":false},"articleListButtonsData":{"buttonsList":[{"label":"Les mer","url":"\/hjem\/?Article=140","type":"readmore"}],"mode":"default"},"favouriteType":null,"mnu":null,"section":null,"displayId":true,"docId":140,"identifier":"140Article","docType":"Article","customDate":false,"teaserData":{"teaserText":"","mode":"default"},"content":{"teaser":"","intro":"-"},"titles":{"main":"Intelligente trailere kan gi mer effektiv sj\u00f8mat-transport","readMoreButton":"Les mer"},"urls":{"readMore":"\/hjem\/?Article=140","booking":null},"created":{"date":"24.05.2023","time":"13:48","timestamp":1684928880},"introAllowHtml":false,"hasTicket":false,"extra":null,"hasReadMore":true,"media":{"imageData":{"path":"\/sites\/s\/samferdselsforumnord.no\/files\/ddc018dff03ca6cf72db80b9c167bd7b.jpg","width":2448,"height":3264,"aspectRatio":0.75},"previewImageUrl":"\/sites\/s\/samferdselsforumnord.no\/files\/ddc018dff03ca6cf72db80b9c167bd7b.jpg?cropToFit=100x59&quality=50","imageVariants":[{"path":"\/sites\/s\/samferdselsforumnord.no\/files\/ddc018dff03ca6cf72db80b9c167bd7b.jpg?cropToFit=100x59&quality=75","width":100,"height":59,"aspectRatio":1.694915254237288},{"path":"\/sites\/s\/samferdselsforumnord.no\/files\/ddc018dff03ca6cf72db80b9c167bd7b.jpg?cropToFit=200x118&quality=75","width":200,"height":118,"aspectRatio":1.694915254237288},{"path":"\/sites\/s\/samferdselsforumnord.no\/files\/ddc018dff03ca6cf72db80b9c167bd7b.jpg?cropToFit=400x235&quality=75","width":400,"height":235,"aspectRatio":1.702127659574468},{"path":"\/sites\/s\/samferdselsforumnord.no\/files\/ddc018dff03ca6cf72db80b9c167bd7b.jpg?cropToFit=600x353&quality=75","width":600,"height":353,"aspectRatio":1.6997167138810199},{"path":"\/sites\/s\/samferdselsforumnord.no\/files\/ddc018dff03ca6cf72db80b9c167bd7b.jpg?cropToFit=800x471&quality=75","width":800,"height":471,"aspectRatio":1.6985138004246285},{"path":"\/sites\/s\/samferdselsforumnord.no\/files\/ddc018dff03ca6cf72db80b9c167bd7b.jpg?cropToFit=1000x588&quality=75","width":1000,"height":588,"aspectRatio":1.7006802721088434},{"path":"\/sites\/s\/samferdselsforumnord.no\/files\/ddc018dff03ca6cf72db80b9c167bd7b.jpg?cropToFit=1200x706&quality=75","width":1200,"height":706,"aspectRatio":1.6997167138810199}],"image":"\/sites\/s\/samferdselsforumnord.no\/files\/ddc018dff03ca6cf72db80b9c167bd7b.jpg","aspect":1.694915254237288,"type":"image","description":null},"additionalData":[]},{"classes":["outercol"],"isFavourite":false,"isExternalUrl":{"articleLink":false},"articleListButtonsData":{"buttonsList":[{"label":"Les mer","url":"\/hjem\/?Article=138","type":"readmore"}],"mode":"default"},"favouriteType":null,"mnu":null,"section":null,"displayId":true,"docId":138,"identifier":"138Article","docType":"Article","customDate":false,"teaserData":{"teaserText":"","mode":"default"},"content":{"teaser":"","intro":"FLYPASSASJERAVGIFTEN M\u00c5 ENDRES N\u00c5!"},"titles":{"main":"FLYPASSASJERAVGIFTEN M\u00c5 ENDRES N\u00c5!","readMoreButton":"Les mer"},"urls":{"readMore":"\/hjem\/?Article=138","booking":null},"created":{"date":"24.05.2023","time":"13:47","timestamp":1684928820},"introAllowHtml":false,"hasTicket":false,"extra":null,"hasReadMore":true,"media":{"imageData":{"path":"\/sites\/s\/samferdselsforumnord.no\/files\/720e143a41c5c32d472746a594ae7759.jpg","width":1224,"height":1370,"aspectRatio":0.8934306569343066},"previewImageUrl":"\/sites\/s\/samferdselsforumnord.no\/files\/720e143a41c5c32d472746a594ae7759.jpg?cropToFit=100x59&quality=50","imageVariants":[{"path":"\/sites\/s\/samferdselsforumnord.no\/files\/720e143a41c5c32d472746a594ae7759.jpg?cropToFit=100x59&quality=75","width":100,"height":59,"aspectRatio":1.694915254237288},{"path":"\/sites\/s\/samferdselsforumnord.no\/files\/720e143a41c5c32d472746a594ae7759.jpg?cropToFit=200x118&quality=75","width":200,"height":118,"aspectRatio":1.694915254237288},{"path":"\/sites\/s\/samferdselsforumnord.no\/files\/720e143a41c5c32d472746a594ae7759.jpg?cropToFit=400x235&quality=75","width":400,"height":235,"aspectRatio":1.702127659574468},{"path":"\/sites\/s\/samferdselsforumnord.no\/files\/720e143a41c5c32d472746a594ae7759.jpg?cropToFit=600x353&quality=75","width":600,"height":353,"aspectRatio":1.6997167138810199},{"path":"\/sites\/s\/samferdselsforumnord.no\/files\/720e143a41c5c32d472746a594ae7759.jpg?cropToFit=800x471&quality=75","width":800,"height":471,"aspectRatio":1.6985138004246285},{"path":"\/sites\/s\/samferdselsforumnord.no\/files\/720e143a41c5c32d472746a594ae7759.jpg?cropToFit=1000x588&quality=75","width":1000,"height":588,"aspectRatio":1.7006802721088434},{"path":"\/sites\/s\/samferdselsforumnord.no\/files\/720e143a41c5c32d472746a594ae7759.jpg?cropToFit=1200x706&quality=75","width":1200,"height":706,"aspectRatio":1.6997167138810199}],"image":"\/sites\/s\/samferdselsforumnord.no\/files\/720e143a41c5c32d472746a594ae7759.jpg","aspect":1.694915254237288,"type":"image","description":null},"additionalData":[]},{"classes":["outercol"],"isFavourite":false,"isExternalUrl":{"articleLink":false},"articleListButtonsData":{"buttonsList":[{"label":"Les mer","url":"\/hjem\/?Article=144","type":"readmore"}],"mode":"default"},"favouriteType":null,"mnu":null,"section":null,"displayId":true,"docId":144,"identifier":"144Article","docType":"Article","customDate":false,"teaserData":{"teaserText":"","mode":"default"},"content":{"teaser":"","intro":"Nasjonal rassikringskonferanse 09. mars i Troms\u00f8"},"titles":{"main":"Nasjonal rassikringskonferanse 09.03.17","readMoreButton":"Les mer"},"urls":{"readMore":"\/hjem\/?Article=144","booking":null},"created":{"date":"24.05.2023","time":"13:52","timestamp":1684929120},"introAllowHtml":false,"hasTicket":false,"extra":null,"hasReadMore":true,"media":{"imageData":{"path":"\/sites\/s\/samferdselsforumnord.no\/files\/rassikringskonferanse_tromsoe.png","width":944,"height":374,"aspectRatio":2.5240641711229945},"previewImageUrl":"\/sites\/s\/samferdselsforumnord.no\/files\/rassikringskonferanse_tromsoe.png?cropToFit=100x59&quality=50","imageVariants":[{"path":"\/sites\/s\/samferdselsforumnord.no\/files\/rassikringskonferanse_tromsoe.png?cropToFit=100x59&quality=75","width":100,"height":59,"aspectRatio":1.694915254237288},{"path":"\/sites\/s\/samferdselsforumnord.no\/files\/rassikringskonferanse_tromsoe.png?cropToFit=200x118&quality=75","width":200,"height":118,"aspectRatio":1.694915254237288},{"path":"\/sites\/s\/samferdselsforumnord.no\/files\/rassikringskonferanse_tromsoe.png?cropToFit=400x235&quality=75","width":400,"height":235,"aspectRatio":1.702127659574468},{"path":"\/sites\/s\/samferdselsforumnord.no\/files\/rassikringskonferanse_tromsoe.png?cropToFit=600x353&quality=75","width":600,"height":353,"aspectRatio":1.6997167138810199},{"path":"\/sites\/s\/samferdselsforumnord.no\/files\/rassikringskonferanse_tromsoe.png?cropToFit=800x471&quality=75","width":635,"height":374,"aspectRatio":1.6978609625668448},{"path":"\/sites\/s\/samferdselsforumnord.no\/files\/rassikringskonferanse_tromsoe.png?cropToFit=1000x588&quality=75","width":636,"height":374,"aspectRatio":1.7005347593582887},{"path":"\/sites\/s\/samferdselsforumnord.no\/files\/rassikringskonferanse_tromsoe.png?cropToFit=1200x706&quality=75","width":636,"height":374,"aspectRatio":1.7005347593582887}],"image":"\/sites\/s\/samferdselsforumnord.no\/files\/rassikringskonferanse_tromsoe.png","aspect":1.694915254237288,"type":"image","description":null},"additionalData":[]},{"classes":["outercol"],"isFavourite":false,"isExternalUrl":{"articleLink":false},"articleListButtonsData":{"buttonsList":[{"label":"Les mer","url":"\/hjem\/?Article=149","type":"readmore"}],"mode":"default"},"favouriteType":null,"mnu":null,"section":null,"displayId":true,"docId":149,"identifier":"149Article","docType":"Article","customDate":false,"teaserData":{"teaserText":"","mode":"default"},"content":{"teaser":"","intro":"\u00c5rsm\u00f8te 31.01.17"},"titles":{"main":"\u00c5rsm\u00f8te 31.01.17","readMoreButton":"Les mer"},"urls":{"readMore":"\/hjem\/?Article=149","booking":null},"created":{"date":"24.05.2023","time":"14:29","timestamp":1684931340},"introAllowHtml":false,"hasTicket":false,"extra":null,"hasReadMore":true,"media":{"imageData":{"path":"\/sites\/s\/samferdselsforumnord.no\/files\/749e36a8b2669d9eedd2599496724f6e.jpg","width":2422,"height":2868,"aspectRatio":0.8444909344490934},"previewImageUrl":"\/sites\/s\/samferdselsforumnord.no\/files\/749e36a8b2669d9eedd2599496724f6e.jpg?cropToFit=100x59&quality=50","imageVariants":[{"path":"\/sites\/s\/samferdselsforumnord.no\/files\/749e36a8b2669d9eedd2599496724f6e.jpg?cropToFit=100x59&quality=75","width":100,"height":59,"aspectRatio":1.694915254237288},{"path":"\/sites\/s\/samferdselsforumnord.no\/files\/749e36a8b2669d9eedd2599496724f6e.jpg?cropToFit=200x118&quality=75","width":200,"height":118,"aspectRatio":1.694915254237288},{"path":"\/sites\/s\/samferdselsforumnord.no\/files\/749e36a8b2669d9eedd2599496724f6e.jpg?cropToFit=400x235&quality=75","width":400,"height":235,"aspectRatio":1.702127659574468},{"path":"\/sites\/s\/samferdselsforumnord.no\/files\/749e36a8b2669d9eedd2599496724f6e.jpg?cropToFit=600x353&quality=75","width":600,"height":353,"aspectRatio":1.6997167138810199},{"path":"\/sites\/s\/samferdselsforumnord.no\/files\/749e36a8b2669d9eedd2599496724f6e.jpg?cropToFit=800x471&quality=75","width":800,"height":471,"aspectRatio":1.6985138004246285},{"path":"\/sites\/s\/samferdselsforumnord.no\/files\/749e36a8b2669d9eedd2599496724f6e.jpg?cropToFit=1000x588&quality=75","width":1000,"height":588,"aspectRatio":1.7006802721088434},{"path":"\/sites\/s\/samferdselsforumnord.no\/files\/749e36a8b2669d9eedd2599496724f6e.jpg?cropToFit=1200x706&quality=75","width":1200,"height":706,"aspectRatio":1.6997167138810199}],"image":"\/sites\/s\/samferdselsforumnord.no\/files\/749e36a8b2669d9eedd2599496724f6e.jpg","aspect":1.694915254237288,"type":"image","description":null},"additionalData":[]},{"classes":["outercol"],"isFavourite":false,"isExternalUrl":{"articleLink":false},"articleListButtonsData":{"buttonsList":[{"label":"Les mer","url":"\/hjem\/?Article=159","type":"readmore"}],"mode":"default"},"favouriteType":null,"mnu":null,"section":null,"displayId":true,"docId":159,"identifier":"159Article","docType":"Article","customDate":false,"teaserData":{"teaserText":"","mode":"default"},"content":{"teaser":"","intro":"H\u00f8r Ettermiddagssending fra NRK Troms radio med intervju av daglig leder Stig Kj\u00e6rvik 23.05.16 i forbindele med innspillsm\u00f8te  med statssekret\u00e6rene Tom Cato Karlsen og Tom Nilsen i regi av NHO"},"titles":{"main":"Radiointervju NRK Troms 23.05.16","readMoreButton":"Les mer"},"urls":{"readMore":"\/hjem\/?Article=159","booking":null},"created":{"date":"24.05.2023","time":"15:20","timestamp":1684934400},"introAllowHtml":false,"hasTicket":false,"extra":null,"hasReadMore":true,"media":{"imageData":{"path":"\/sites\/s\/samferdselsforumnord.no\/files\/c9214b433b474065979410c687ef8c53.png","width":1228,"height":1144,"aspectRatio":1.0734265734265733},"previewImageUrl":"\/sites\/s\/samferdselsforumnord.no\/files\/c9214b433b474065979410c687ef8c53.png?cropToFit=100x59&quality=50","imageVariants":[{"path":"\/sites\/s\/samferdselsforumnord.no\/files\/c9214b433b474065979410c687ef8c53.png?cropToFit=100x59&quality=75","width":100,"height":59,"aspectRatio":1.694915254237288},{"path":"\/sites\/s\/samferdselsforumnord.no\/files\/c9214b433b474065979410c687ef8c53.png?cropToFit=200x118&quality=75","width":200,"height":118,"aspectRatio":1.694915254237288},{"path":"\/sites\/s\/samferdselsforumnord.no\/files\/c9214b433b474065979410c687ef8c53.png?cropToFit=400x235&quality=75","width":400,"height":235,"aspectRatio":1.702127659574468},{"path":"\/sites\/s\/samferdselsforumnord.no\/files\/c9214b433b474065979410c687ef8c53.png?cropToFit=600x353&quality=75","width":600,"height":353,"aspectRatio":1.6997167138810199},{"path":"\/sites\/s\/samferdselsforumnord.no\/files\/c9214b433b474065979410c687ef8c53.png?cropToFit=800x471&quality=75","width":800,"height":471,"aspectRatio":1.6985138004246285},{"path":"\/sites\/s\/samferdselsforumnord.no\/files\/c9214b433b474065979410c687ef8c53.png?cropToFit=1000x588&quality=75","width":1000,"height":588,"aspectRatio":1.7006802721088434},{"path":"\/sites\/s\/samferdselsforumnord.no\/files\/c9214b433b474065979410c687ef8c53.png?cropToFit=1200x706&quality=75","width":1200,"height":706,"aspectRatio":1.6997167138810199}],"image":"\/sites\/s\/samferdselsforumnord.no\/files\/c9214b433b474065979410c687ef8c53.png","aspect":1.694915254237288,"type":"image","description":"23. mai 2016"},"additionalData":[]},{"classes":["outercol"],"isFavourite":false,"isExternalUrl":{"articleLink":false},"articleListButtonsData":{"buttonsList":[{"label":"Les mer","url":"\/hjem\/?Article=158","type":"readmore"}],"mode":"default"},"favouriteType":null,"mnu":null,"section":null,"displayId":true,"docId":158,"identifier":"158Article","docType":"Article","customDate":false,"teaserData":{"teaserText":"","mode":"default"},"content":{"teaser":"","intro":"En liten begrepsliste for den interesserte og engasjerte"},"titles":{"main":"Samferdsel p\u00e5 1 - 2 - 3 ","readMoreButton":"Les mer"},"urls":{"readMore":"\/hjem\/?Article=158","booking":null},"created":{"date":"24.05.2023","time":"15:19","timestamp":1684934340},"introAllowHtml":false,"hasTicket":false,"extra":null,"hasReadMore":true,"media":{"imageData":{"path":"\/sites\/s\/samferdselsforumnord.no\/files\/8f92b323169982991a1ce12aab887d4a.png","width":945,"height":766,"aspectRatio":1.2336814621409922},"previewImageUrl":"\/sites\/s\/samferdselsforumnord.no\/files\/8f92b323169982991a1ce12aab887d4a.png?cropToFit=100x59&quality=50","imageVariants":[{"path":"\/sites\/s\/samferdselsforumnord.no\/files\/8f92b323169982991a1ce12aab887d4a.png?cropToFit=100x59&quality=75","width":100,"height":59,"aspectRatio":1.694915254237288},{"path":"\/sites\/s\/samferdselsforumnord.no\/files\/8f92b323169982991a1ce12aab887d4a.png?cropToFit=200x118&quality=75","width":200,"height":118,"aspectRatio":1.694915254237288},{"path":"\/sites\/s\/samferdselsforumnord.no\/files\/8f92b323169982991a1ce12aab887d4a.png?cropToFit=400x235&quality=75","width":400,"height":235,"aspectRatio":1.702127659574468},{"path":"\/sites\/s\/samferdselsforumnord.no\/files\/8f92b323169982991a1ce12aab887d4a.png?cropToFit=600x353&quality=75","width":600,"height":353,"aspectRatio":1.6997167138810199},{"path":"\/sites\/s\/samferdselsforumnord.no\/files\/8f92b323169982991a1ce12aab887d4a.png?cropToFit=800x471&quality=75","width":800,"height":471,"aspectRatio":1.6985138004246285},{"path":"\/sites\/s\/samferdselsforumnord.no\/files\/8f92b323169982991a1ce12aab887d4a.png?cropToFit=1000x588&quality=75","width":945,"height":556,"aspectRatio":1.6996402877697843},{"path":"\/sites\/s\/samferdselsforumnord.no\/files\/8f92b323169982991a1ce12aab887d4a.png?cropToFit=1200x706&quality=75","width":945,"height":556,"aspectRatio":1.6996402877697843}],"image":"\/sites\/s\/samferdselsforumnord.no\/files\/8f92b323169982991a1ce12aab887d4a.png","aspect":1.694915254237288,"type":"image","description":"Samferdsel p\u00e5 1 - 2 - 3"},"additionalData":[]},{"classes":["outercol"],"isFavourite":false,"isExternalUrl":{"articleLink":false},"articleListButtonsData":{"buttonsList":[{"label":"Les mer","url":"\/hjem\/?Article=156","type":"readmore"}],"mode":"default"},"favouriteType":null,"mnu":null,"section":null,"displayId":true,"docId":156,"identifier":"156Article","docType":"Article","customDate":false,"teaserData":{"teaserText":"","mode":"default"},"content":{"teaser":"","intro":"M\u00f8te med Samferdselsdepartementet om Fergefri E6 15. juni 2016\r\n"},"titles":{"main":"M\u00f8te med Samferdselsdepartementet om Fergefri E6","readMoreButton":"Les mer"},"urls":{"readMore":"\/hjem\/?Article=156","booking":null},"created":{"date":"24.05.2023","time":"15:11","timestamp":1684933860},"introAllowHtml":false,"hasTicket":false,"extra":null,"hasReadMore":true,"media":{"imageData":{"path":"\/sites\/s\/samferdselsforumnord.no\/files\/bf15ad18efa1391b39967445593243d2.jpg","width":750,"height":581,"aspectRatio":1.2908777969018932},"previewImageUrl":"\/sites\/s\/samferdselsforumnord.no\/files\/bf15ad18efa1391b39967445593243d2.jpg?cropToFit=100x59&quality=50","imageVariants":[{"path":"\/sites\/s\/samferdselsforumnord.no\/files\/bf15ad18efa1391b39967445593243d2.jpg?cropToFit=100x59&quality=75","width":100,"height":59,"aspectRatio":1.694915254237288},{"path":"\/sites\/s\/samferdselsforumnord.no\/files\/bf15ad18efa1391b39967445593243d2.jpg?cropToFit=200x118&quality=75","width":200,"height":118,"aspectRatio":1.694915254237288},{"path":"\/sites\/s\/samferdselsforumnord.no\/files\/bf15ad18efa1391b39967445593243d2.jpg?cropToFit=400x235&quality=75","width":400,"height":235,"aspectRatio":1.702127659574468},{"path":"\/sites\/s\/samferdselsforumnord.no\/files\/bf15ad18efa1391b39967445593243d2.jpg?cropToFit=600x353&quality=75","width":600,"height":353,"aspectRatio":1.6997167138810199},{"path":"\/sites\/s\/samferdselsforumnord.no\/files\/bf15ad18efa1391b39967445593243d2.jpg?cropToFit=800x471&quality=75","width":750,"height":442,"aspectRatio":1.6968325791855203},{"path":"\/sites\/s\/samferdselsforumnord.no\/files\/bf15ad18efa1391b39967445593243d2.jpg?cropToFit=1000x588&quality=75","width":750,"height":441,"aspectRatio":1.7006802721088434},{"path":"\/sites\/s\/samferdselsforumnord.no\/files\/bf15ad18efa1391b39967445593243d2.jpg?cropToFit=1200x706&quality=75","width":750,"height":441,"aspectRatio":1.7006802721088434}],"image":"\/sites\/s\/samferdselsforumnord.no\/files\/bf15ad18efa1391b39967445593243d2.jpg","aspect":1.694915254237288,"type":"image","description":"Stortinget 2016"},"additionalData":[]},{"classes":["outercol"],"isFavourite":false,"isExternalUrl":{"articleLink":false},"articleListButtonsData":{"buttonsList":[{"label":"Les mer","url":"\/hjem\/?Article=155","type":"readmore"}],"mode":"default"},"favouriteType":null,"mnu":null,"section":null,"displayId":true,"docId":155,"identifier":"155Article","docType":"Article","customDate":false,"teaserData":{"teaserText":"","mode":"default"},"content":{"teaser":"","intro":"Kritiserer Vegvesenet for ikke \u00e5 vurdere samfunnsnytten ved st\u00f8rre vegprosjekter"},"titles":{"main":"Effekten av bompenger?","readMoreButton":"Les mer"},"urls":{"readMore":"\/hjem\/?Article=155","booking":null},"created":{"date":"24.05.2023","time":"15:10","timestamp":1684933800},"introAllowHtml":false,"hasTicket":false,"extra":null,"hasReadMore":true,"media":{"imageData":{"path":"\/sites\/s\/samferdselsforumnord.no\/files\/46d115f77186905ea2dbbfb17ec7cce2.jpg","width":711,"height":680,"aspectRatio":1.0455882352941177},"previewImageUrl":"\/sites\/s\/samferdselsforumnord.no\/files\/46d115f77186905ea2dbbfb17ec7cce2.jpg?cropToFit=100x59&quality=50","imageVariants":[{"path":"\/sites\/s\/samferdselsforumnord.no\/files\/46d115f77186905ea2dbbfb17ec7cce2.jpg?cropToFit=100x59&quality=75","width":100,"height":59,"aspectRatio":1.694915254237288},{"path":"\/sites\/s\/samferdselsforumnord.no\/files\/46d115f77186905ea2dbbfb17ec7cce2.jpg?cropToFit=200x118&quality=75","width":200,"height":118,"aspectRatio":1.694915254237288},{"path":"\/sites\/s\/samferdselsforumnord.no\/files\/46d115f77186905ea2dbbfb17ec7cce2.jpg?cropToFit=400x235&quality=75","width":400,"height":235,"aspectRatio":1.702127659574468},{"path":"\/sites\/s\/samferdselsforumnord.no\/files\/46d115f77186905ea2dbbfb17ec7cce2.jpg?cropToFit=600x353&quality=75","width":600,"height":353,"aspectRatio":1.6997167138810199},{"path":"\/sites\/s\/samferdselsforumnord.no\/files\/46d115f77186905ea2dbbfb17ec7cce2.jpg?cropToFit=800x471&quality=75","width":711,"height":419,"aspectRatio":1.6968973747016707},{"path":"\/sites\/s\/samferdselsforumnord.no\/files\/46d115f77186905ea2dbbfb17ec7cce2.jpg?cropToFit=1000x588&quality=75","width":711,"height":418,"aspectRatio":1.700956937799043},{"path":"\/sites\/s\/samferdselsforumnord.no\/files\/46d115f77186905ea2dbbfb17ec7cce2.jpg?cropToFit=1200x706&quality=75","width":711,"height":418,"aspectRatio":1.700956937799043}],"image":"\/sites\/s\/samferdselsforumnord.no\/files\/46d115f77186905ea2dbbfb17ec7cce2.jpg","aspect":1.694915254237288,"type":"image","description":"Tromvika"},"additionalData":[]},{"classes":["outercol"],"isFavourite":false,"isExternalUrl":{"articleLink":false},"articleListButtonsData":{"buttonsList":[{"label":"Les mer","url":"\/hjem\/?Article=154","type":"readmore"}],"mode":"default"},"favouriteType":null,"mnu":null,"section":null,"displayId":true,"docId":154,"identifier":"154Article","docType":"Article","customDate":false,"teaserData":{"teaserText":"","mode":"default"},"content":{"teaser":"","intro":"I en artikkel publisert p\u00e5 nrk.no framkommer det i rapport fra Riksrevisjonen at myndighetene ikke tar sikkerheten av tunneler alvorlig nok. "},"titles":{"main":"Er sikkerheten i norske tunneler gode nok?","readMoreButton":"Les mer"},"urls":{"readMore":"\/hjem\/?Article=154","booking":null},"created":{"date":"24.05.2023","time":"15:08","timestamp":1684933680},"introAllowHtml":false,"hasTicket":false,"extra":null,"hasReadMore":true,"media":{"imageData":{"path":"\/sites\/s\/samferdselsforumnord.no\/files\/c8ffbd6e5b6463b72ba58ae9bec7fbd3.jpg","width":2448,"height":3264,"aspectRatio":0.75},"previewImageUrl":"\/sites\/s\/samferdselsforumnord.no\/files\/c8ffbd6e5b6463b72ba58ae9bec7fbd3.jpg?cropToFit=100x59&quality=50","imageVariants":[{"path":"\/sites\/s\/samferdselsforumnord.no\/files\/c8ffbd6e5b6463b72ba58ae9bec7fbd3.jpg?cropToFit=100x59&quality=75","width":100,"height":59,"aspectRatio":1.694915254237288},{"path":"\/sites\/s\/samferdselsforumnord.no\/files\/c8ffbd6e5b6463b72ba58ae9bec7fbd3.jpg?cropToFit=200x118&quality=75","width":200,"height":118,"aspectRatio":1.694915254237288},{"path":"\/sites\/s\/samferdselsforumnord.no\/files\/c8ffbd6e5b6463b72ba58ae9bec7fbd3.jpg?cropToFit=400x235&quality=75","width":400,"height":235,"aspectRatio":1.702127659574468},{"path":"\/sites\/s\/samferdselsforumnord.no\/files\/c8ffbd6e5b6463b72ba58ae9bec7fbd3.jpg?cropToFit=600x353&quality=75","width":600,"height":353,"aspectRatio":1.6997167138810199},{"path":"\/sites\/s\/samferdselsforumnord.no\/files\/c8ffbd6e5b6463b72ba58ae9bec7fbd3.jpg?cropToFit=800x471&quality=75","width":800,"height":471,"aspectRatio":1.6985138004246285},{"path":"\/sites\/s\/samferdselsforumnord.no\/files\/c8ffbd6e5b6463b72ba58ae9bec7fbd3.jpg?cropToFit=1000x588&quality=75","width":1000,"height":588,"aspectRatio":1.7006802721088434},{"path":"\/sites\/s\/samferdselsforumnord.no\/files\/c8ffbd6e5b6463b72ba58ae9bec7fbd3.jpg?cropToFit=1200x706&quality=75","width":1200,"height":706,"aspectRatio":1.6997167138810199}],"image":"\/sites\/s\/samferdselsforumnord.no\/files\/c8ffbd6e5b6463b72ba58ae9bec7fbd3.jpg","aspect":1.694915254237288,"type":"image","description":"Tunnel, lys i tunnelen"},"additionalData":[]},{"classes":["outercol"],"isFavourite":false,"isExternalUrl":{"articleLink":false},"articleListButtonsData":{"buttonsList":[{"label":"Les mer","url":"\/hjem\/?Article=160","type":"readmore"}],"mode":"default"},"favouriteType":null,"mnu":null,"section":null,"displayId":true,"docId":160,"identifier":"160Article","docType":"Article","customDate":false,"teaserData":{"teaserText":"","mode":"default"},"content":{"teaser":"","intro":"Pressemelding ang\u00e5ende dialogm\u00f8te med Stortingets representanter for Nord - Norge"},"titles":{"main":"Samferdselsforum Nord i dialogm\u00f8te med Stortingets representanter for Nord - Norge ","readMoreButton":"Les mer"},"urls":{"readMore":"\/hjem\/?Article=160","booking":null},"created":{"date":"24.05.2023","time":"15:22","timestamp":1684934520},"introAllowHtml":false,"hasTicket":false,"extra":null,"hasReadMore":true,"media":{"imageData":{"path":"\/sites\/s\/samferdselsforumnord.no\/files\/dc579a69ca76ea29e770be4b29bcd847.png","width":986,"height":515,"aspectRatio":1.9145631067961164},"previewImageUrl":"\/sites\/s\/samferdselsforumnord.no\/files\/dc579a69ca76ea29e770be4b29bcd847.png?cropToFit=100x59&quality=50","imageVariants":[{"path":"\/sites\/s\/samferdselsforumnord.no\/files\/dc579a69ca76ea29e770be4b29bcd847.png?cropToFit=100x59&quality=75","width":100,"height":59,"aspectRatio":1.694915254237288},{"path":"\/sites\/s\/samferdselsforumnord.no\/files\/dc579a69ca76ea29e770be4b29bcd847.png?cropToFit=200x118&quality=75","width":200,"height":118,"aspectRatio":1.694915254237288},{"path":"\/sites\/s\/samferdselsforumnord.no\/files\/dc579a69ca76ea29e770be4b29bcd847.png?cropToFit=400x235&quality=75","width":400,"height":235,"aspectRatio":1.702127659574468},{"path":"\/sites\/s\/samferdselsforumnord.no\/files\/dc579a69ca76ea29e770be4b29bcd847.png?cropToFit=600x353&quality=75","width":600,"height":353,"aspectRatio":1.6997167138810199},{"path":"\/sites\/s\/samferdselsforumnord.no\/files\/dc579a69ca76ea29e770be4b29bcd847.png?cropToFit=800x471&quality=75","width":800,"height":471,"aspectRatio":1.6985138004246285},{"path":"\/sites\/s\/samferdselsforumnord.no\/files\/dc579a69ca76ea29e770be4b29bcd847.png?cropToFit=1000x588&quality=75","width":876,"height":515,"aspectRatio":1.7009708737864078},{"path":"\/sites\/s\/samferdselsforumnord.no\/files\/dc579a69ca76ea29e770be4b29bcd847.png?cropToFit=1200x706&quality=75","width":875,"height":515,"aspectRatio":1.6990291262135921}],"image":"\/sites\/s\/samferdselsforumnord.no\/files\/dc579a69ca76ea29e770be4b29bcd847.png","aspect":1.694915254237288,"type":"image","description":"Dialogm\u00f8te 15.03.16"},"additionalData":[]}],"pages":[1],"currentPage":1,"sections":[]}